{"id":3153,"date":"2025-09-03T02:58:12","date_gmt":"2025-09-03T07:58:12","guid":{"rendered":"https:\/\/andes.org.pe\/?page_id=3153"},"modified":"2025-09-18T03:29:01","modified_gmt":"2025-09-18T08:29:01","slug":"news","status":"publish","type":"page","link":"https:\/\/andes.org.pe\/es\/news\/","title":{"rendered":"Noticias"},"content":{"rendered":"<div data-elementor-type=\"wp-page\" data-elementor-id=\"3153\" class=\"elementor elementor-3153\">\n\t\t\t\t<div class=\"elementor-element elementor-element-05c0a46 e-flex e-con-boxed e-con e-parent\" data-id=\"05c0a46\" data-element_type=\"container\" data-e-type=\"container\" data-settings=\"{&quot;background_background&quot;:&quot;classic&quot;}\">\n\t\t\t\t\t<div class=\"e-con-inner\">\n\t\t\t\t<div class=\"elementor-element elementor-element-786f55a elementor-invisible elementor-widget elementor-widget-image-box\" data-id=\"786f55a\" data-element_type=\"widget\" data-e-type=\"widget\" data-settings=\"{&quot;_animation&quot;:&quot;fadeIn&quot;}\" data-widget_type=\"image-box.default\">\n\t\t\t\t<div class=\"elementor-widget-container\">\n\t\t\t\t\t<div class=\"elementor-image-box-wrapper\"><div class=\"elementor-image-box-content\"><h1 class=\"elementor-image-box-title\">NOTICIAS E HISTORIAS<\/h1><\/div><\/div>\t\t\t\t<\/div>\n\t\t\t\t<\/div>\n\t\t\t\t\t<\/div>\n\t\t\t\t<\/div>\n\t\t<div class=\"elementor-element elementor-element-7cc0f0b e-con-full e-flex e-con e-parent\" data-id=\"7cc0f0b\" data-element_type=\"container\" data-e-type=\"container\">\n\t\t\t\t<div class=\"elementor-element elementor-element-60b3de4 elementor-widget__width-inherit elementor-widget elementor-widget-shortcode\" data-id=\"60b3de4\" data-element_type=\"widget\" data-e-type=\"widget\" data-widget_type=\"shortcode.default\">\n\t\t\t\t<div class=\"elementor-widget-container\">\n\t\t\t\t\t\t\t<div class=\"elementor-shortcode\"><div class=\"ngo-news-list\">        <div class=\"ngo-news-card\">\n            <div class=\"ngo-news-content\">\n                                    <h3 class=\"ngo-news-title\">Featured videos<\/h3>\n                \n                                    <p class=\"ngo-news-date\">diciembre 4, 2025<\/p>\n                \n                                    <p class=\"ngo-news-desc\">Historic moment: Pamir Mountains ice core handed over by Tajikistan for Antarctic preservation<\/p>\n                \n                                    <a class=\"ngo-news-link\" href=\"https:\/\/www.youtube.com\/watch?v=O08c83qKigM\" target=\"_blank\" rel=\"noopener\">\n                        Leer M\u00e1s <span class=\"arrow\">\u2192<\/span>\n                    <\/a>\n                            <\/div>\n\n                            <div class=\"ngo-news-image\">\n                    <img fetchpriority=\"high\" decoding=\"async\" width=\"768\" height=\"442\" src=\"https:\/\/andes.org.pe\/wp-content\/uploads\/2025\/12\/Video-montanas-768x442.png\" class=\"ngo-news-thumb wp-post-image\" alt=\"\" srcset=\"https:\/\/andes.org.pe\/wp-content\/uploads\/2025\/12\/Video-montanas-768x442.png 768w, https:\/\/andes.org.pe\/wp-content\/uploads\/2025\/12\/Video-montanas-300x173.png 300w, https:\/\/andes.org.pe\/wp-content\/uploads\/2025\/12\/Video-montanas-1024x589.png 1024w, https:\/\/andes.org.pe\/wp-content\/uploads\/2025\/12\/Video-montanas-18x10.png 18w, https:\/\/andes.org.pe\/wp-content\/uploads\/2025\/12\/Video-montanas.png 1040w\" sizes=\"(max-width: 768px) 100vw, 768px\" \/>                <\/div>\n                    <\/div>\n                <div class=\"ngo-news-card\">\n            <div class=\"ngo-news-content\">\n                                    <h3 class=\"ngo-news-title\">Integrating mountain priorities into global frameworks<\/h3>\n                \n                                    <p class=\"ngo-news-date\">diciembre 4, 2025<\/p>\n                \n                                    <p class=\"ngo-news-desc\">In lead up to COP30 Mountain Partnership member Mountain Sentinels, hosted a virtual coffee and discussion \u2018The Mountain Agenda and COP30: A coordinated global policy for mountains and youth voices\u2019, featuring insights from the Mountain Partnership Secretariat, the Mountain Youth Hub and ClimaTalk on efforts to bring mountains and youth into global policy discussions. The virtual event was moderated by Julia Klein, Mountain Sentinels.<\/p>\n                \n                                    <a class=\"ngo-news-link\" href=\"https:\/\/www.fao.org\/mountain-partnership\/news\/newsroom\/news-detail\/virtual-coffee-explores-mountain-priorities-ahead-of-cop30\/en\" target=\"_blank\" rel=\"noopener\">\n                        Leer M\u00e1s <span class=\"arrow\">\u2192<\/span>\n                    <\/a>\n                            <\/div>\n\n                            <div class=\"ngo-news-image\">\n                    <img decoding=\"async\" width=\"768\" height=\"346\" data-src=\"https:\/\/andes.org.pe\/wp-content\/uploads\/2025\/12\/Montanas-antes-de-la-COP30-768x346.png\" class=\"ngo-news-thumb wp-post-image lazyload\" alt=\"\" data-srcset=\"https:\/\/andes.org.pe\/wp-content\/uploads\/2025\/12\/Montanas-antes-de-la-COP30-768x346.png 768w, https:\/\/andes.org.pe\/wp-content\/uploads\/2025\/12\/Montanas-antes-de-la-COP30-300x135.png 300w, https:\/\/andes.org.pe\/wp-content\/uploads\/2025\/12\/Montanas-antes-de-la-COP30-18x8.png 18w, https:\/\/andes.org.pe\/wp-content\/uploads\/2025\/12\/Montanas-antes-de-la-COP30.png 1000w\" data-sizes=\"(max-width: 768px) 100vw, 768px\" src=\"data:image\/svg+xml;base64,PHN2ZyB3aWR0aD0iMSIgaGVpZ2h0PSIxIiB4bWxucz0iaHR0cDovL3d3dy53My5vcmcvMjAwMC9zdmciPjwvc3ZnPg==\" style=\"--smush-placeholder-width: 768px; --smush-placeholder-aspect-ratio: 768\/346;\" \/>                <\/div>\n                    <\/div>\n                <div class=\"ngo-news-card\">\n            <div class=\"ngo-news-content\">\n                                    <h3 class=\"ngo-news-title\">Integrating mountain priorities into global frameworks<\/h3>\n                \n                                    <p class=\"ngo-news-date\">diciembre 4, 2025<\/p>\n                \n                                    <p class=\"ngo-news-desc\">Enhancing climate action for mountain ecosystems and agrifood systems in Europe and Central AsiaOP30.<\/p>\n                \n                                    <a class=\"ngo-news-link\" href=\"https:\/\/www.fao.org\/mountain-partnership\/news\/newsroom\/news-detail\/enhancing-climate-action-for-mountain-ecosystems-and-agrifood-systems-in-europe-and-central-asia\/en\" target=\"_blank\" rel=\"noopener\">\n                        Leer M\u00e1s <span class=\"arrow\">\u2192<\/span>\n                    <\/a>\n                            <\/div>\n\n                            <div class=\"ngo-news-image\">\n                    <img decoding=\"async\" width=\"768\" height=\"346\" data-src=\"https:\/\/andes.org.pe\/wp-content\/uploads\/2025\/12\/Accion-climatica-768x346.png\" class=\"ngo-news-thumb wp-post-image lazyload\" alt=\"\" data-srcset=\"https:\/\/andes.org.pe\/wp-content\/uploads\/2025\/12\/Accion-climatica-768x346.png 768w, https:\/\/andes.org.pe\/wp-content\/uploads\/2025\/12\/Accion-climatica-300x135.png 300w, https:\/\/andes.org.pe\/wp-content\/uploads\/2025\/12\/Accion-climatica-18x8.png 18w, https:\/\/andes.org.pe\/wp-content\/uploads\/2025\/12\/Accion-climatica.png 1000w\" data-sizes=\"(max-width: 768px) 100vw, 768px\" src=\"data:image\/svg+xml;base64,PHN2ZyB3aWR0aD0iMSIgaGVpZ2h0PSIxIiB4bWxucz0iaHR0cDovL3d3dy53My5vcmcvMjAwMC9zdmciPjwvc3ZnPg==\" style=\"--smush-placeholder-width: 768px; --smush-placeholder-aspect-ratio: 768\/346;\" \/>                <\/div>\n                    <\/div>\n                <div class=\"ngo-news-card\">\n            <div class=\"ngo-news-content\">\n                                    <h3 class=\"ngo-news-title\">UNFCCC COP30 approves dialogue on mountains and climate change in 2026<\/h3>\n                \n                                    <p class=\"ngo-news-date\">diciembre 4, 2025<\/p>\n                \n                                    <p class=\"ngo-news-desc\">Mountains gained significant recognition from the 30th Conference of the Parties (COP30) in Bel\u00e9m, Brazil, with the announcement of a mandated dialogue on mountains and climate change under the United Nations Framework Convention on Climate Change (UNFCCC) process. This marks another important step forward in integrating the priorities and unique vulnerabilities of mountain regions into global climate policy and action.<\/p>\n                \n                                    <a class=\"ngo-news-link\" href=\"https:\/\/www.fao.org\/mountain-partnership\/news\/newsroom\/news-detail\/unfccc-cop30-approves-dialogue-on-mountains-and-climate-change-in-2026\/en\" target=\"_blank\" rel=\"noopener\">\n                        Leer M\u00e1s <span class=\"arrow\">\u2192<\/span>\n                    <\/a>\n                            <\/div>\n\n                            <div class=\"ngo-news-image\">\n                    <img decoding=\"async\" width=\"768\" height=\"644\" data-src=\"https:\/\/andes.org.pe\/wp-content\/uploads\/2025\/12\/Mon-tanas-ingles-768x644.jpg\" class=\"ngo-news-thumb wp-post-image lazyload\" alt=\"\" data-srcset=\"https:\/\/andes.org.pe\/wp-content\/uploads\/2025\/12\/Mon-tanas-ingles-768x644.jpg 768w, https:\/\/andes.org.pe\/wp-content\/uploads\/2025\/12\/Mon-tanas-ingles-300x251.jpg 300w, https:\/\/andes.org.pe\/wp-content\/uploads\/2025\/12\/Mon-tanas-ingles-14x12.jpg 14w, https:\/\/andes.org.pe\/wp-content\/uploads\/2025\/12\/Mon-tanas-ingles.jpg 940w\" data-sizes=\"(max-width: 768px) 100vw, 768px\" src=\"data:image\/svg+xml;base64,PHN2ZyB3aWR0aD0iMSIgaGVpZ2h0PSIxIiB4bWxucz0iaHR0cDovL3d3dy53My5vcmcvMjAwMC9zdmciPjwvc3ZnPg==\" style=\"--smush-placeholder-width: 768px; --smush-placeholder-aspect-ratio: 768\/644;\" \/>                <\/div>\n                    <\/div>\n                <div class=\"ngo-news-card\">\n            <div class=\"ngo-news-content\">\n                                    <h3 class=\"ngo-news-title\">CIP (CGIAR) visita al PARQUE DE LA PAPA<\/h3>\n                \n                                    <p class=\"ngo-news-date\">noviembre 20, 2025<\/p>\n                \n                                    <p class=\"ngo-news-desc\">Este 20 de noviembre cient\u00edficos de bancos gen\u00e9ticos de diferentes partes del mundo representados por CGIAR y bancos de germoplasma pudieron catalizar un dialogo sobre los sistemas de conocimientos cient\u00edficos y sistemas de conocimientos ind\u00edgenas para asegurar el futuro de la alimentaci\u00f3n global.<\/p>\n                \n                            <\/div>\n\n                            <div class=\"ngo-news-image\">\n                    <img decoding=\"async\" width=\"768\" height=\"432\" data-src=\"https:\/\/andes.org.pe\/wp-content\/uploads\/2025\/11\/CIP-visit-to-PdP-20-11-25-768x432.jpeg\" class=\"ngo-news-thumb wp-post-image lazyload\" alt=\"\" data-srcset=\"https:\/\/andes.org.pe\/wp-content\/uploads\/2025\/11\/CIP-visit-to-PdP-20-11-25-768x432.jpeg 768w, https:\/\/andes.org.pe\/wp-content\/uploads\/2025\/11\/CIP-visit-to-PdP-20-11-25-300x169.jpeg 300w, https:\/\/andes.org.pe\/wp-content\/uploads\/2025\/11\/CIP-visit-to-PdP-20-11-25-1024x576.jpeg 1024w, https:\/\/andes.org.pe\/wp-content\/uploads\/2025\/11\/CIP-visit-to-PdP-20-11-25-1536x864.jpeg 1536w, https:\/\/andes.org.pe\/wp-content\/uploads\/2025\/11\/CIP-visit-to-PdP-20-11-25-18x10.jpeg 18w, https:\/\/andes.org.pe\/wp-content\/uploads\/2025\/11\/CIP-visit-to-PdP-20-11-25.jpeg 1600w\" data-sizes=\"(max-width: 768px) 100vw, 768px\" src=\"data:image\/svg+xml;base64,PHN2ZyB3aWR0aD0iMSIgaGVpZ2h0PSIxIiB4bWxucz0iaHR0cDovL3d3dy53My5vcmcvMjAwMC9zdmciPjwvc3ZnPg==\" style=\"--smush-placeholder-width: 768px; --smush-placeholder-aspect-ratio: 768\/432;\" \/>                <\/div>\n                    <\/div>\n                <div class=\"ngo-news-card\">\n            <div class=\"ngo-news-content\">\n                                    <h3 class=\"ngo-news-title\">COP 30 de la UNFCCC \u2013 EVENTO PARALELO \u00abLa necesidad de reconocer a los defensores del medio ambiente en el proceso de la UNFCCC voces de Am\u00e9rica Latina\u00bb<\/h3>\n                \n                                    <p class=\"ngo-news-date\">noviembre 14, 2025<\/p>\n                \n                                    <p class=\"ngo-news-desc\">Analizamos (1) el papel de los defensores del medio ambiente en la acci\u00f3n clim\u00e1tica, la diversidad biocultural y la protecci\u00f3n de los derechos humanos en Colombia, Per\u00fa y otros pa\u00edses; (2) los retos a los que se enfrentan, entre ellos la miner\u00eda, las inundaciones, los incendios forestales, la sequ\u00eda o la pirater\u00eda del carbono; y (3) las deficiencias en su reconocimiento en el proceso de la UNFCCC<\/p>\n                \n                                    <a class=\"ngo-news-link\" href=\"https:\/\/andes.org.pe\/wp-content\/uploads\/2025\/11\/COP-UNFCCC.pdf\" target=\"_blank\" rel=\"noopener\">\n                        Leer M\u00e1s <span class=\"arrow\">\u2192<\/span>\n                    <\/a>\n                            <\/div>\n\n                            <div class=\"ngo-news-image\">\n                    <img decoding=\"async\" width=\"768\" height=\"544\" data-src=\"https:\/\/andes.org.pe\/wp-content\/uploads\/2025\/11\/evento_andes_nov_2025-768x544.png\" class=\"ngo-news-thumb wp-post-image lazyload\" alt=\"\" data-srcset=\"https:\/\/andes.org.pe\/wp-content\/uploads\/2025\/11\/evento_andes_nov_2025-768x544.png 768w, https:\/\/andes.org.pe\/wp-content\/uploads\/2025\/11\/evento_andes_nov_2025-300x212.png 300w, https:\/\/andes.org.pe\/wp-content\/uploads\/2025\/11\/evento_andes_nov_2025-1024x725.png 1024w, https:\/\/andes.org.pe\/wp-content\/uploads\/2025\/11\/evento_andes_nov_2025-18x12.png 18w, https:\/\/andes.org.pe\/wp-content\/uploads\/2025\/11\/evento_andes_nov_2025.png 1124w\" data-sizes=\"(max-width: 768px) 100vw, 768px\" src=\"data:image\/svg+xml;base64,PHN2ZyB3aWR0aD0iMSIgaGVpZ2h0PSIxIiB4bWxucz0iaHR0cDovL3d3dy53My5vcmcvMjAwMC9zdmciPjwvc3ZnPg==\" style=\"--smush-placeholder-width: 768px; --smush-placeholder-aspect-ratio: 768\/544;\" \/>                <\/div>\n                    <\/div>\n                <div class=\"ngo-news-card\">\n            <div class=\"ngo-news-content\">\n                                    <h3 class=\"ngo-news-title\">International Potato Center Peru &#8211; ceremony<\/h3>\n                \n                                    <p class=\"ngo-news-date\">diciembre 3, 2013<\/p>\n                \n                                    <p class=\"ngo-news-desc\">The &#039;Papa Watay&#039; ceremony performed by traditional farmers from the Parque de la Papa to &#039;capture the potato spirit&#039;. It celebrates the donation of rare varieties to the gene bank at the International Potato Centre in Lima, Peru<\/p>\n                \n                                    <a class=\"ngo-news-link\" href=\"https:\/\/www.abc.net.au\/news\/rural\/2013-12-04\/gallery-international-potato-center-peru-ceremony\/5110036?nw=0\" target=\"_blank\" rel=\"noopener\">\n                        Leer M\u00e1s <span class=\"arrow\">\u2192<\/span>\n                    <\/a>\n                            <\/div>\n\n                            <div class=\"ngo-news-image\">\n                    <img decoding=\"async\" width=\"768\" height=\"576\" data-src=\"https:\/\/andes.org.pe\/wp-content\/uploads\/2025\/10\/Ricardiana-en-invernadero-768x576.jpg\" class=\"ngo-news-thumb wp-post-image lazyload\" alt=\"\" data-srcset=\"https:\/\/andes.org.pe\/wp-content\/uploads\/2025\/10\/Ricardiana-en-invernadero-768x576.jpg 768w, https:\/\/andes.org.pe\/wp-content\/uploads\/2025\/10\/Ricardiana-en-invernadero-300x225.jpg 300w, https:\/\/andes.org.pe\/wp-content\/uploads\/2025\/10\/Ricardiana-en-invernadero-1024x768.jpg 1024w, https:\/\/andes.org.pe\/wp-content\/uploads\/2025\/10\/Ricardiana-en-invernadero-1536x1152.jpg 1536w, https:\/\/andes.org.pe\/wp-content\/uploads\/2025\/10\/Ricardiana-en-invernadero.jpg 1600w\" data-sizes=\"(max-width: 768px) 100vw, 768px\" src=\"data:image\/svg+xml;base64,PHN2ZyB3aWR0aD0iMSIgaGVpZ2h0PSIxIiB4bWxucz0iaHR0cDovL3d3dy53My5vcmcvMjAwMC9zdmciPjwvc3ZnPg==\" style=\"--smush-placeholder-width: 768px; --smush-placeholder-aspect-ratio: 768\/576;\" \/>                <\/div>\n                    <\/div>\n                <div class=\"ngo-news-card\">\n            <div class=\"ngo-news-content\">\n                                    <h3 class=\"ngo-news-title\">Svalbard seed vault to take Peruvian potato samples<\/h3>\n                \n                                    <p class=\"ngo-news-date\">febrero 17, 2011<\/p>\n                \n                                    <p class=\"ngo-news-desc\">Farmers in the Potato Park in Cusco, Peru, are sending 1,500 varieties of\r\npotatoes to the Svalbard Global Seed Vault to safeguard the tubers&#039; future. The\r\nsamples will be stored in a vault inside a mountain, which aims to protect the\r\nworld&#039;s food crop species against natural and human disasters, and promote the\r\nconservation of biodiversity and seed preservation.<\/p>\n                \n                                    <a class=\"ngo-news-link\" href=\"https:\/\/www.bbc.com\/news\/science-environment-12493970\" target=\"_blank\" rel=\"noopener\">\n                        Leer M\u00e1s <span class=\"arrow\">\u2192<\/span>\n                    <\/a>\n                            <\/div>\n\n                            <div class=\"ngo-news-image\">\n                    <img decoding=\"async\" width=\"768\" height=\"424\" data-src=\"https:\/\/andes.org.pe\/wp-content\/uploads\/2025\/08\/parquemaiz.jpg\" class=\"ngo-news-thumb wp-post-image lazyload\" alt=\"\" data-srcset=\"https:\/\/andes.org.pe\/wp-content\/uploads\/2025\/08\/parquemaiz.jpg 768w, https:\/\/andes.org.pe\/wp-content\/uploads\/2025\/08\/parquemaiz-300x166.jpg 300w\" data-sizes=\"(max-width: 768px) 100vw, 768px\" src=\"data:image\/svg+xml;base64,PHN2ZyB3aWR0aD0iMSIgaGVpZ2h0PSIxIiB4bWxucz0iaHR0cDovL3d3dy53My5vcmcvMjAwMC9zdmciPjwvc3ZnPg==\" style=\"--smush-placeholder-width: 768px; --smush-placeholder-aspect-ratio: 768\/424;\" \/>                <\/div>\n                    <\/div>\n                <div class=\"ngo-news-card\">\n            <div class=\"ngo-news-content\">\n                                    <h3 class=\"ngo-news-title\">In highland Peru a culture confronts blight<\/h3>\n                \n                                    <p class=\"ngo-news-date\">marzo 3, 2008<\/p>\n                \n                                    <p class=\"ngo-news-desc\">In remote farms in the Andes Mountains, elevated thousands of feet above sea\r\nlevel, climate change is threatening a crop that is part of the region&#039;s identity: the\r\npotato. Indigenous farmers in Peru are combating climate change by diversifying\r\nthe varieties of potatoes planted in the Potato Park.<\/p>\n                \n                                    <a class=\"ngo-news-link\" href=\"https:\/\/www.npr.org\/2008\/03\/03\/87811933\/in-highland-peru-a-culture-confronts-blight\" target=\"_blank\" rel=\"noopener\">\n                        Leer M\u00e1s <span class=\"arrow\">\u2192<\/span>\n                    <\/a>\n                            <\/div>\n\n                            <div class=\"ngo-news-image\">\n                    <img decoding=\"async\" width=\"768\" height=\"576\" data-src=\"https:\/\/andes.org.pe\/wp-content\/uploads\/2025\/08\/D75ABE43-08E0-4C5D-AFC1-950B81264127-768x576.jpg\" class=\"ngo-news-thumb wp-post-image lazyload\" alt=\"\" data-srcset=\"https:\/\/andes.org.pe\/wp-content\/uploads\/2025\/08\/D75ABE43-08E0-4C5D-AFC1-950B81264127-768x576.jpg 768w, https:\/\/andes.org.pe\/wp-content\/uploads\/2025\/08\/D75ABE43-08E0-4C5D-AFC1-950B81264127-300x225.jpg 300w, https:\/\/andes.org.pe\/wp-content\/uploads\/2025\/08\/D75ABE43-08E0-4C5D-AFC1-950B81264127.jpg 900w\" data-sizes=\"(max-width: 768px) 100vw, 768px\" src=\"data:image\/svg+xml;base64,PHN2ZyB3aWR0aD0iMSIgaGVpZ2h0PSIxIiB4bWxucz0iaHR0cDovL3d3dy53My5vcmcvMjAwMC9zdmciPjwvc3ZnPg==\" style=\"--smush-placeholder-width: 768px; --smush-placeholder-aspect-ratio: 768\/576;\" \/>                <\/div>\n                    <\/div>\n                <div class=\"ngo-news-card\">\n            <div class=\"ngo-news-content\">\n                                    <h3 class=\"ngo-news-title\">Peru&#8217;s potato passion goes global<\/h3>\n                \n                                    <p class=\"ngo-news-date\">febrero 8, 2008<\/p>\n                \n                                    <p class=\"ngo-news-desc\">For thousands of years, the potato has been the staple diet of the people of the Andes. Today, the agriculture minister, Ismael Benavidas, says the native potato is still the answer for combating food insecurity throughout Peru.<\/p>\n                \n                                    <a class=\"ngo-news-link\" href=\"http:\/\/news.bbc.co.uk\/2\/hi\/americas\/7231148.stm\" target=\"_blank\" rel=\"noopener\">\n                        Leer M\u00e1s <span class=\"arrow\">\u2192<\/span>\n                    <\/a>\n                            <\/div>\n\n                            <div class=\"ngo-news-image\">\n                    <img decoding=\"async\" width=\"768\" height=\"512\" data-src=\"https:\/\/andes.org.pe\/wp-content\/uploads\/2025\/08\/Semillas-pdp-3_escaled-768x512.jpg\" class=\"ngo-news-thumb wp-post-image lazyload\" alt=\"\" data-srcset=\"https:\/\/andes.org.pe\/wp-content\/uploads\/2025\/08\/Semillas-pdp-3_escaled-768x512.jpg 768w, https:\/\/andes.org.pe\/wp-content\/uploads\/2025\/08\/Semillas-pdp-3_escaled-300x200.jpg 300w, https:\/\/andes.org.pe\/wp-content\/uploads\/2025\/08\/Semillas-pdp-3_escaled.jpg 1000w\" data-sizes=\"(max-width: 768px) 100vw, 768px\" src=\"data:image\/svg+xml;base64,PHN2ZyB3aWR0aD0iMSIgaGVpZ2h0PSIxIiB4bWxucz0iaHR0cDovL3d3dy53My5vcmcvMjAwMC9zdmciPjwvc3ZnPg==\" style=\"--smush-placeholder-width: 768px; --smush-placeholder-aspect-ratio: 768\/512;\" \/>                <\/div>\n                    <\/div>\n        <\/div><\/div>\n\t\t\t\t\t\t<\/div>\n\t\t\t\t<\/div>\n\t\t\t\t<\/div>\n\t\t\t\t<\/div>","protected":false},"excerpt":{"rendered":"<p>NOTICIAS E HISTORIAS<\/p>","protected":false},"author":1,"featured_media":0,"parent":0,"menu_order":0,"comment_status":"closed","ping_status":"closed","template":"","meta":{"_acf_changed":false,"site-sidebar-layout":"no-sidebar","site-content-layout":"page-builder","ast-site-content-layout":"full-width-container","site-content-style":"default","site-sidebar-style":"default","ast-global-header-display":"","ast-banner-title-visibility":"disabled","ast-main-header-display":"","ast-hfb-above-header-display":"","ast-hfb-below-header-display":"","ast-hfb-mobile-header-display":"","site-post-title":"","ast-breadcrumbs-content":"","ast-featured-img":"disabled","footer-sml-layout":"","ast-disable-related-posts":"","theme-transparent-header-meta":"enabled","adv-header-id-meta":"","stick-header-meta":"","header-above-stick-meta":"","header-main-stick-meta":"","header-below-stick-meta":"","astra-migrate-meta-layouts":"set","ast-page-background-enabled":"default","ast-page-background-meta":{"desktop":{"background-color":"var(--ast-global-color-4)","background-image":"","background-repeat":"repeat","background-position":"center center","background-size":"auto","background-attachment":"scroll","background-type":"","background-media":"","overlay-type":"","overlay-color":"","overlay-opacity":"","overlay-gradient":""},"tablet":{"background-color":"","background-image":"","background-repeat":"repeat","background-position":"center center","background-size":"auto","background-attachment":"scroll","background-type":"","background-media":"","overlay-type":"","overlay-color":"","overlay-opacity":"","overlay-gradient":""},"mobile":{"background-color":"","background-image":"","background-repeat":"repeat","background-position":"center center","background-size":"auto","background-attachment":"scroll","background-type":"","background-media":"","overlay-type":"","overlay-color":"","overlay-opacity":"","overlay-gradient":""}},"ast-content-background-meta":{"desktop":{"background-color":"var(--ast-global-color-5)","background-image":"","background-repeat":"repeat","background-position":"center center","background-size":"auto","background-attachment":"scroll","background-type":"","background-media":"","overlay-type":"","overlay-color":"","overlay-opacity":"","overlay-gradient":""},"tablet":{"background-color":"var(--ast-global-color-5)","background-image":"","background-repeat":"repeat","background-position":"center center","background-size":"auto","background-attachment":"scroll","background-type":"","background-media":"","overlay-type":"","overlay-color":"","overlay-opacity":"","overlay-gradient":""},"mobile":{"background-color":"var(--ast-global-color-5)","background-image":"","background-repeat":"repeat","background-position":"center center","background-size":"auto","background-attachment":"scroll","background-type":"","background-media":"","overlay-type":"","overlay-color":"","overlay-opacity":"","overlay-gradient":""}},"footnotes":""},"class_list":["post-3153","page","type-page","status-publish","hentry"],"acf":[],"_links":{"self":[{"href":"https:\/\/andes.org.pe\/es\/wp-json\/wp\/v2\/pages\/3153","targetHints":{"allow":["GET"]}}],"collection":[{"href":"https:\/\/andes.org.pe\/es\/wp-json\/wp\/v2\/pages"}],"about":[{"href":"https:\/\/andes.org.pe\/es\/wp-json\/wp\/v2\/types\/page"}],"author":[{"embeddable":true,"href":"https:\/\/andes.org.pe\/es\/wp-json\/wp\/v2\/users\/1"}],"replies":[{"embeddable":true,"href":"https:\/\/andes.org.pe\/es\/wp-json\/wp\/v2\/comments?post=3153"}],"version-history":[{"count":34,"href":"https:\/\/andes.org.pe\/es\/wp-json\/wp\/v2\/pages\/3153\/revisions"}],"predecessor-version":[{"id":3408,"href":"https:\/\/andes.org.pe\/es\/wp-json\/wp\/v2\/pages\/3153\/revisions\/3408"}],"wp:attachment":[{"href":"https:\/\/andes.org.pe\/es\/wp-json\/wp\/v2\/media?parent=3153"}],"curies":[{"name":"wp","href":"https:\/\/api.w.org\/{rel}","templated":true}]}}