{"id":3646,"date":"2025-09-22T07:15:57","date_gmt":"2025-09-22T12:15:57","guid":{"rendered":"https:\/\/andes.org.pe\/?page_id=3646"},"modified":"2026-08-25T13:43:22","modified_gmt":"2026-08-25T18:43:22","slug":"internship-and-volunteering","status":"publish","type":"page","link":"https:\/\/andes.org.pe\/es\/internship-and-volunteering\/","title":{"rendered":"Internship &amp; Voluntariado"},"content":{"rendered":"<div data-elementor-type=\"wp-page\" data-elementor-id=\"3646\" class=\"elementor elementor-3646\">\n\t\t\t\t<div class=\"elementor-element elementor-element-05c0a46 e-flex e-con-boxed e-con e-parent\" data-id=\"05c0a46\" data-element_type=\"container\" data-e-type=\"container\" data-settings=\"{&quot;background_background&quot;:&quot;classic&quot;}\">\n\t\t\t\t\t<div class=\"e-con-inner\">\n\t\t\t\t<div class=\"elementor-element elementor-element-786f55a elementor-invisible elementor-widget elementor-widget-image-box\" data-id=\"786f55a\" data-element_type=\"widget\" data-e-type=\"widget\" data-settings=\"{&quot;_animation&quot;:&quot;fadeIn&quot;}\" data-widget_type=\"image-box.default\">\n\t\t\t\t<div class=\"elementor-widget-container\">\n\t\t\t\t\t<div class=\"elementor-image-box-wrapper\"><div class=\"elementor-image-box-content\"><h1 class=\"elementor-image-box-title\">Internship &amp; Voluntariado<\/h1><\/div><\/div>\t\t\t\t<\/div>\n\t\t\t\t<\/div>\n\t\t\t\t\t<\/div>\n\t\t\t\t<\/div>\n\t\t<div class=\"elementor-element elementor-element-6f3dc17 e-flex e-con-boxed e-con e-parent\" data-id=\"6f3dc17\" data-element_type=\"container\" data-e-type=\"container\" data-settings=\"{&quot;background_background&quot;:&quot;classic&quot;}\">\n\t\t\t\t\t<div class=\"e-con-inner\">\n\t\t<div class=\"elementor-element elementor-element-a5af9de e-con-full e-flex elementor-invisible e-con e-child\" data-id=\"a5af9de\" data-element_type=\"container\" data-e-type=\"container\" data-settings=\"{&quot;animation&quot;:&quot;fadeIn&quot;}\">\n\t\t<div class=\"elementor-element elementor-element-61ed3ea e-con-full e-flex e-con e-child\" data-id=\"61ed3ea\" data-element_type=\"container\" data-e-type=\"container\">\n\t\t\t\t<div class=\"elementor-element elementor-element-778490a elementor-widget elementor-widget-heading\" data-id=\"778490a\" data-element_type=\"widget\" data-e-type=\"widget\" data-widget_type=\"heading.default\">\n\t\t\t\t<div class=\"elementor-widget-container\">\n\t\t\t\t\t<p class=\"elementor-heading-title elementor-size-default\">Internship &amp; Voluntariado<\/p>\t\t\t\t<\/div>\n\t\t\t\t<\/div>\n\t\t\t\t<\/div>\n\t\t<div class=\"elementor-element elementor-element-7a1d7eb e-con-full e-flex e-con e-child\" data-id=\"7a1d7eb\" data-element_type=\"container\" data-e-type=\"container\">\n\t\t\t\t<div class=\"elementor-element elementor-element-145fa10 elementor-widget elementor-widget-image-box\" data-id=\"145fa10\" data-element_type=\"widget\" data-e-type=\"widget\" data-widget_type=\"image-box.default\">\n\t\t\t\t<div class=\"elementor-widget-container\">\n\t\t\t\t\t<div class=\"elementor-image-box-wrapper\"><div class=\"elementor-image-box-content\"><h2 class=\"elementor-image-box-title\">tenga experiencia pr\u00e1ctica trabajando con expertos locales en Per\u00fa.<\/h2><\/div><\/div>\t\t\t\t<\/div>\n\t\t\t\t<\/div>\n\t\t\t\t<\/div>\n\t\t\t\t<\/div>\n\t\t\t\t<div class=\"elementor-element elementor-element-d7ca5ae e-n-tabs-mobile elementor-widget elementor-widget-n-tabs\" data-id=\"d7ca5ae\" data-element_type=\"widget\" data-e-type=\"widget\" data-settings=\"{&quot;horizontal_scroll&quot;:&quot;disable&quot;}\" data-widget_type=\"nested-tabs.default\">\n\t\t\t\t<div class=\"elementor-widget-container\">\n\t\t\t\t\t\t\t<div class=\"e-n-tabs\" data-widget-number=\"226272686\" aria-label=\"Tabs. Open items with Enter or Space, close with Escape and navigate using the Arrow keys.\">\n\t\t\t<div class=\"e-n-tabs-heading\" role=\"tablist\">\n\t\t\t\t\t<button id=\"e-n-tab-title-2262726861\" data-tab-title-id=\"e-n-tab-title-2262726861\" class=\"e-n-tab-title\" aria-selected=\"true\" data-tab-index=\"1\" role=\"tab\" tabindex=\"0\" aria-controls=\"e-n-tab-content-2262726861\" style=\"--n-tabs-title-order: 1;\">\n\t\t\t\t\t\t<span class=\"e-n-tab-title-text\">\n\t\t\t\tInformaci\u00f3n General\t\t\t<\/span>\n\t\t<\/button>\n\t\t\t\t<button id=\"e-n-tab-title-2262726862\" data-tab-title-id=\"e-n-tab-title-2262726862\" class=\"e-n-tab-title\" aria-selected=\"false\" data-tab-index=\"2\" role=\"tab\" tabindex=\"-1\" aria-controls=\"e-n-tab-content-2262726862\" style=\"--n-tabs-title-order: 2;\">\n\t\t\t\t\t\t<span class=\"e-n-tab-title-text\">\n\t\t\t\tAlojamiento \t\t\t<\/span>\n\t\t<\/button>\n\t\t\t\t<button id=\"e-n-tab-title-2262726863\" data-tab-title-id=\"e-n-tab-title-2262726863\" class=\"e-n-tab-title\" aria-selected=\"false\" data-tab-index=\"3\" role=\"tab\" tabindex=\"-1\" aria-controls=\"e-n-tab-content-2262726863\" style=\"--n-tabs-title-order: 3;\">\n\t\t\t\t\t\t<span class=\"e-n-tab-title-text\">\n\t\t\t\tInvestigaci\u00f3n Estudiantil\t\t\t<\/span>\n\t\t<\/button>\n\t\t\t\t\t<\/div>\n\t\t\t<div class=\"e-n-tabs-content\">\n\t\t\t\t<div id=\"e-n-tab-content-2262726861\" role=\"tabpanel\" aria-labelledby=\"e-n-tab-title-2262726861\" data-tab-index=\"1\" style=\"--n-tabs-title-order: 1;\" class=\"e-active elementor-element elementor-element-4f14e9f e-con-full e-flex e-con e-child\" data-id=\"4f14e9f\" data-element_type=\"container\" data-e-type=\"container\">\n\t\t<div class=\"elementor-element elementor-element-b78dc7d e-con-full e-flex e-con e-child\" data-id=\"b78dc7d\" data-element_type=\"container\" data-e-type=\"container\">\n\t\t\t\t<div class=\"elementor-element elementor-element-3667d5e elementor-widget elementor-widget-text-editor\" data-id=\"3667d5e\" data-element_type=\"widget\" data-e-type=\"widget\" data-widget_type=\"text-editor.default\">\n\t\t\t\t<div class=\"elementor-widget-container\">\n\t\t\t\t\t\t\t\t\t<p><strong>\u00bfEst\u00e1 interesado en una pasant\u00eda con ANDES para adquirir experiencia pr\u00e1ctica trabajando con expertos locales en Per\u00fa? <\/strong><\/p><p>Ofrecemos programas de pasant\u00edas para estudios universitarios en una variedad de disciplinas acad\u00e9micas, donde explorar\u00e1s temas como la conservaci\u00f3n de la biodiversidad, la diversidad de la papa, la adaptaci\u00f3n al cambio clim\u00e1tico liderada por ind\u00edgenas y la preservaci\u00f3n del conocimiento, y mucho m\u00e1s.<\/p><p>Tambi\u00e9n damos la bienvenida a voluntarios que deseen interactuar significativamente con las comunidades ind\u00edgenas con las que nos asociamos, aprendiendo directamente de sus tradiciones, innovaciones y visiones del mundo.<\/p><p>Env\u00ede un correo electr\u00f3nico <a href=\"mailto:info@andes.org.pe\"><strong>info@andes.org.pe<\/strong><\/a> para conocer m\u00e1s sobre las oportunidades disponibles, \u00a1te esperamos en ANDES!<\/p>\t\t\t\t\t\t\t\t<\/div>\n\t\t\t\t<\/div>\n\t\t\t\t<\/div>\n\t\t\t\t<\/div>\n\t\t<div id=\"e-n-tab-content-2262726862\" role=\"tabpanel\" aria-labelledby=\"e-n-tab-title-2262726862\" data-tab-index=\"2\" style=\"--n-tabs-title-order: 2;\" class=\"elementor-element elementor-element-77f913d e-con-full e-flex e-con e-child\" data-id=\"77f913d\" data-element_type=\"container\" data-e-type=\"container\">\n\t\t\t\t<div class=\"elementor-element elementor-element-76b61bf elementor-widget elementor-widget-image-box\" data-id=\"76b61bf\" data-element_type=\"widget\" data-e-type=\"widget\" data-widget_type=\"image-box.default\">\n\t\t\t\t<div class=\"elementor-widget-container\">\n\t\t\t\t\t<div class=\"elementor-image-box-wrapper\"><div class=\"elementor-image-box-content\"><h2 class=\"elementor-image-box-title\">Opciones de Vivienda - Pasant\u00eda ANDES<\/h2><p class=\"elementor-image-box-description\">Hay diferentes maneras de encontrar alojamiento en Cusco y sus alrededores durante tu pasant\u00eda con Andes. El costo mensual del alojamiento var\u00eda entre S\/ 250 y S\/ 1800 (aproximadamente entre $70 y $480). A continuaci\u00f3n, puedes leer descripciones de la ciudad de Cusco, P\u00edsac y Calca, lugares muy diferentes y cada uno con su propio encanto. El lugar que elijas para vivir durante tu pasant\u00eda depende de ti y de tus intereses personales y profesionales. Desde todos estos lugares puedes realizar tu pasant\u00eda en Andes, y todos los lugares de trabajo, como la oficina en Huar\u00e1n y los parques, son accesibles desde all\u00ed. En las tablas a continuaci\u00f3n, hemos recopilado algunas posibles opciones de alojamiento que pueden ayudarte a encontrar el alojamiento ideal.\n<\/p><\/div><\/div>\t\t\t\t<\/div>\n\t\t\t\t<\/div>\n\t\t\t\t<div class=\"elementor-element elementor-element-201e6a6 elementor-widget elementor-widget-text-editor\" data-id=\"201e6a6\" data-element_type=\"widget\" data-e-type=\"widget\" data-widget_type=\"text-editor.default\">\n\t\t\t\t<div class=\"elementor-widget-container\">\n\t\t\t\t\t\t\t\t\t<p>\u00a0<\/p><p>Env\u00ede un correo electr\u00f3nico <a href=\"mailto:info@andes.org.pe\"><strong>info@andes.org.pe<\/strong><\/a> para conocer una lista de opciones de vivienda, sus precios y contacto del administrador.\u00a0<\/p>\t\t\t\t\t\t\t\t<\/div>\n\t\t\t\t<\/div>\n\t\t\t\t<div class=\"elementor-element elementor-element-9982d28 elementor-widget elementor-widget-heading\" data-id=\"9982d28\" data-element_type=\"widget\" data-e-type=\"widget\" data-widget_type=\"heading.default\">\n\t\t\t\t<div class=\"elementor-widget-container\">\n\t\t\t\t\t<h4 class=\"elementor-heading-title elementor-size-default\">Cusco<\/h4>\t\t\t\t<\/div>\n\t\t\t\t<\/div>\n\t\t<div class=\"elementor-element elementor-element-5fdf963 e-flex e-con-boxed e-con e-child\" data-id=\"5fdf963\" data-element_type=\"container\" data-e-type=\"container\">\n\t\t\t\t\t<div class=\"e-con-inner\">\n\t\t\t\t<div class=\"elementor-element elementor-element-2bcb1a3 elementor-widget elementor-widget-image\" data-id=\"2bcb1a3\" data-element_type=\"widget\" data-e-type=\"widget\" data-widget_type=\"image.default\">\n\t\t\t\t<div class=\"elementor-widget-container\">\n\t\t\t\t\t\t\t\t\t\t\t\t\t\t\t<img fetchpriority=\"high\" decoding=\"async\" width=\"768\" height=\"512\" src=\"https:\/\/andes.org.pe\/wp-content\/uploads\/2025\/09\/cusco_city_2-768x512.jpg\" class=\"attachment-medium_large size-medium_large wp-image-3663\" alt=\"\" srcset=\"https:\/\/andes.org.pe\/wp-content\/uploads\/2025\/09\/cusco_city_2-768x512.jpg 768w, https:\/\/andes.org.pe\/wp-content\/uploads\/2025\/09\/cusco_city_2-300x200.jpg 300w, https:\/\/andes.org.pe\/wp-content\/uploads\/2025\/09\/cusco_city_2.jpg 800w\" sizes=\"(max-width: 768px) 100vw, 768px\" \/>\t\t\t\t\t\t\t\t\t\t\t\t\t\t\t<\/div>\n\t\t\t\t<\/div>\n\t\t\t\t<div class=\"elementor-element elementor-element-fc49c30 elementor-widget elementor-widget-image\" data-id=\"fc49c30\" data-element_type=\"widget\" data-e-type=\"widget\" data-widget_type=\"image.default\">\n\t\t\t\t<div class=\"elementor-widget-container\">\n\t\t\t\t\t\t\t\t\t\t\t\t\t\t\t<img decoding=\"async\" width=\"768\" height=\"432\" data-src=\"https:\/\/andes.org.pe\/wp-content\/uploads\/2025\/09\/cusco_city-768x432.jpg\" class=\"attachment-medium_large size-medium_large wp-image-3662 lazyload\" alt=\"\" data-srcset=\"https:\/\/andes.org.pe\/wp-content\/uploads\/2025\/09\/cusco_city-768x432.jpg 768w, https:\/\/andes.org.pe\/wp-content\/uploads\/2025\/09\/cusco_city-300x169.jpg 300w, https:\/\/andes.org.pe\/wp-content\/uploads\/2025\/09\/cusco_city.jpg 870w\" data-sizes=\"(max-width: 768px) 100vw, 768px\" src=\"data:image\/svg+xml;base64,PHN2ZyB3aWR0aD0iMSIgaGVpZ2h0PSIxIiB4bWxucz0iaHR0cDovL3d3dy53My5vcmcvMjAwMC9zdmciPjwvc3ZnPg==\" style=\"--smush-placeholder-width: 768px; --smush-placeholder-aspect-ratio: 768\/432;\" \/>\t\t\t\t\t\t\t\t\t\t\t\t\t\t\t<\/div>\n\t\t\t\t<\/div>\n\t\t\t\t\t<\/div>\n\t\t\t\t<\/div>\n\t\t\t\t<div class=\"elementor-element elementor-element-eac4110 elementor-widget elementor-widget-text-editor\" data-id=\"eac4110\" data-element_type=\"widget\" data-e-type=\"widget\" data-widget_type=\"text-editor.default\">\n\t\t\t\t<div class=\"elementor-widget-container\">\n\t\t\t\t\t\t\t\t\t<p><span style=\"font-weight: 400;\">Cusco es una ciudad muy animada con aproximadamente 428,500 habitantes y numerosos turistas durante todo el a\u00f1o. Hay mucho por descubrir, como la hermosa arquitectura antigua, restaurantes y bares, especialmente en el centro hist\u00f3rico y alrededor de la Plaza de Armas. Hay diferentes museos, mercados y tiendas donde puedes encontrar todo lo que necesitas. En el mercado de San Pedro, por ejemplo, puedes comer fuera, comprar comida o bonitos recuerdos. Los distritos del centro alrededor de la Plaza de Armas, como San Blas o el Centro Hist\u00f3rico, ofrecen varios hoteles y alojamientos, pero tambi\u00e9n son m\u00e1s caros que otros distritos.\u00a0<\/span><\/p><p><span style=\"font-weight: 400;\">En Cusco, el costo del alojamiento var\u00eda entre 500 y 1000 soles. Hay varios hoteles y hostales donde los pasantes pueden alojarse. Para los primeros d\u00edas, recomendamos reservar alojamiento directamente despu\u00e9s de llegar a Cusco por internet. Esto se puede hacer a trav\u00e9s de sitios web populares como Airbnb o Booking.com. Para estad\u00edas m\u00e1s largas, se puede encontrar una habitaci\u00f3n o un departamento a trav\u00e9s de Facebook Marketplace o grupos (Expats Cusco \u2013 Per\u00fa \/ Alquiler y Anticresis Habitaciones, Mini \u2013 Departamentos Cusco), contactos privados directamente en los distritos o a trav\u00e9s de los sitios web mencionados. Podemos recomendar las siguientes opciones de alojamiento con habitaciones individuales.<\/span><\/p>\t\t\t\t\t\t\t\t<\/div>\n\t\t\t\t<\/div>\n\t\t\t\t<div class=\"elementor-element elementor-element-41ee698 elementor-widget elementor-widget-heading\" data-id=\"41ee698\" data-element_type=\"widget\" data-e-type=\"widget\" data-widget_type=\"heading.default\">\n\t\t\t\t<div class=\"elementor-widget-container\">\n\t\t\t\t\t<h4 class=\"elementor-heading-title elementor-size-default\">Pisac<\/h4>\t\t\t\t<\/div>\n\t\t\t\t<\/div>\n\t\t<div class=\"elementor-element elementor-element-ab7111d e-flex e-con-boxed e-con e-child\" data-id=\"ab7111d\" data-element_type=\"container\" data-e-type=\"container\">\n\t\t\t\t\t<div class=\"e-con-inner\">\n\t\t\t\t<div class=\"elementor-element elementor-element-c9fabec elementor-widget elementor-widget-image\" data-id=\"c9fabec\" data-element_type=\"widget\" data-e-type=\"widget\" data-widget_type=\"image.default\">\n\t\t\t\t<div class=\"elementor-widget-container\">\n\t\t\t\t\t\t\t\t\t\t\t\t\t\t\t<img decoding=\"async\" width=\"768\" height=\"512\" data-src=\"https:\/\/andes.org.pe\/wp-content\/uploads\/2026\/08\/Mercado-de-artesania-Pisaq-Cusco-768x512.jpg\" class=\"attachment-medium_large size-medium_large wp-image-5352 lazyload\" alt=\"\" data-srcset=\"https:\/\/andes.org.pe\/wp-content\/uploads\/2026\/08\/Mercado-de-artesania-Pisaq-Cusco-768x512.jpg 768w, https:\/\/andes.org.pe\/wp-content\/uploads\/2026\/08\/Mercado-de-artesania-Pisaq-Cusco-300x200.jpg 300w, https:\/\/andes.org.pe\/wp-content\/uploads\/2026\/08\/Mercado-de-artesania-Pisaq-Cusco-18x12.jpg 18w, https:\/\/andes.org.pe\/wp-content\/uploads\/2026\/08\/Mercado-de-artesania-Pisaq-Cusco.jpg 800w\" data-sizes=\"(max-width: 768px) 100vw, 768px\" src=\"data:image\/svg+xml;base64,PHN2ZyB3aWR0aD0iMSIgaGVpZ2h0PSIxIiB4bWxucz0iaHR0cDovL3d3dy53My5vcmcvMjAwMC9zdmciPjwvc3ZnPg==\" style=\"--smush-placeholder-width: 768px; --smush-placeholder-aspect-ratio: 768\/512;\" \/>\t\t\t\t\t\t\t\t\t\t\t\t\t\t\t<\/div>\n\t\t\t\t<\/div>\n\t\t\t\t<div class=\"elementor-element elementor-element-1105bee elementor-widget elementor-widget-image\" data-id=\"1105bee\" data-element_type=\"widget\" data-e-type=\"widget\" data-widget_type=\"image.default\">\n\t\t\t\t<div class=\"elementor-widget-container\">\n\t\t\t\t\t\t\t\t\t\t\t\t\t\t\t<img decoding=\"async\" width=\"768\" height=\"576\" data-src=\"https:\/\/andes.org.pe\/wp-content\/uploads\/2025\/10\/pisac-ruinas-768x576.jpg\" class=\"attachment-medium_large size-medium_large wp-image-3874 lazyload\" alt=\"\" data-srcset=\"https:\/\/andes.org.pe\/wp-content\/uploads\/2025\/10\/pisac-ruinas-768x576.jpg 768w, https:\/\/andes.org.pe\/wp-content\/uploads\/2025\/10\/pisac-ruinas-300x225.jpg 300w, https:\/\/andes.org.pe\/wp-content\/uploads\/2025\/10\/pisac-ruinas-1024x768.jpg 1024w, https:\/\/andes.org.pe\/wp-content\/uploads\/2025\/10\/pisac-ruinas.jpg 1200w\" data-sizes=\"(max-width: 768px) 100vw, 768px\" src=\"data:image\/svg+xml;base64,PHN2ZyB3aWR0aD0iMSIgaGVpZ2h0PSIxIiB4bWxucz0iaHR0cDovL3d3dy53My5vcmcvMjAwMC9zdmciPjwvc3ZnPg==\" style=\"--smush-placeholder-width: 768px; --smush-placeholder-aspect-ratio: 768\/576;\" \/>\t\t\t\t\t\t\t\t\t\t\t\t\t\t\t<\/div>\n\t\t\t\t<\/div>\n\t\t\t\t\t<\/div>\n\t\t\t\t<\/div>\n\t\t\t\t<div class=\"elementor-element elementor-element-836a212 elementor-widget elementor-widget-text-editor\" data-id=\"836a212\" data-element_type=\"widget\" data-e-type=\"widget\" data-widget_type=\"text-editor.default\">\n\t\t\t\t<div class=\"elementor-widget-container\">\n\t\t\t\t\t\t\t\t\t<p><span style=\"font-weight: 400;\">P\u00edsac est\u00e1 a unos 40 minutos en coche desde Cusco, en el Valle Sagrado, y cuesta S\/5 en transporte p\u00fablico y S\/50 en taxi (solo ida). P\u00edsac tiene unos 10.000 habitantes y se encuentra a orillas del r\u00edo Urubamba, rodeado de hermosas y verdes monta\u00f1as. Con acceso directo, cuenta con varias rutas de senderismo y muchas oportunidades para disfrutar de la naturaleza. Es un pueblo con un centro donde se puede comprar todo lo necesario, como un mercado de alimentos, un mercado de artesan\u00edas, supermercados y farmacias. <\/span><\/p><p><span style=\"font-weight: 400;\">Tambi\u00e9n hay varios restaurantes y tiendas que venden productos org\u00e1nicos y veganos. Hay autobuses p\u00fablicos desde Pisac hacia Cusco, el Parque de la Papa, Calca, Huar\u00e1n y Urubamba. Desde Pisac, se puede llegar al Parque de la Papa en 30 minutos y a la oficina en Huar\u00e1n en 40 minutos.<\/span><\/p><p><span style=\"font-weight: 400;\"><br \/><\/span><span style=\"font-weight: 400;\">El alojamiento cuesta desde S\/ 300 (unos 80 $) en adelante. Hay varios hostales, hoteles y pensiones donde puedes alojarte por semanas o meses. Tambi\u00e9n puedes buscar apartamentos o habitaciones en internet, como en Facebook Marketplace o en el grupo de Facebook \"Pisac, Pisac, todos los eventos\". Hemos publicado varias opciones de alojamiento en Pisac. Los diferentes alojamientos se encuentran en el peque\u00f1o centro o en las afueras, en zonas m\u00e1s tranquilas.<\/span><\/p>\t\t\t\t\t\t\t\t<\/div>\n\t\t\t\t<\/div>\n\t\t\t\t<div class=\"elementor-element elementor-element-38847b3 elementor-widget elementor-widget-heading\" data-id=\"38847b3\" data-element_type=\"widget\" data-e-type=\"widget\" data-widget_type=\"heading.default\">\n\t\t\t\t<div class=\"elementor-widget-container\">\n\t\t\t\t\t<h4 class=\"elementor-heading-title elementor-size-default\">Calca<\/h4>\t\t\t\t<\/div>\n\t\t\t\t<\/div>\n\t\t<div class=\"elementor-element elementor-element-3dca863 e-flex e-con-boxed e-con e-child\" data-id=\"3dca863\" data-element_type=\"container\" data-e-type=\"container\">\n\t\t\t\t\t<div class=\"e-con-inner\">\n\t\t\t\t<div class=\"elementor-element elementor-element-adac9ee elementor-widget elementor-widget-image\" data-id=\"adac9ee\" data-element_type=\"widget\" data-e-type=\"widget\" data-widget_type=\"image.default\">\n\t\t\t\t<div class=\"elementor-widget-container\">\n\t\t\t\t\t\t\t\t\t\t\t\t\t\t\t<img decoding=\"async\" width=\"768\" height=\"576\" data-src=\"https:\/\/andes.org.pe\/wp-content\/uploads\/2025\/10\/Calca_Peru_scaled-768x576.jpg\" class=\"attachment-medium_large size-medium_large wp-image-3876 lazyload\" alt=\"\" data-srcset=\"https:\/\/andes.org.pe\/wp-content\/uploads\/2025\/10\/Calca_Peru_scaled-768x576.jpg 768w, https:\/\/andes.org.pe\/wp-content\/uploads\/2025\/10\/Calca_Peru_scaled-300x225.jpg 300w, https:\/\/andes.org.pe\/wp-content\/uploads\/2025\/10\/Calca_Peru_scaled.jpg 900w\" data-sizes=\"(max-width: 768px) 100vw, 768px\" src=\"data:image\/svg+xml;base64,PHN2ZyB3aWR0aD0iMSIgaGVpZ2h0PSIxIiB4bWxucz0iaHR0cDovL3d3dy53My5vcmcvMjAwMC9zdmciPjwvc3ZnPg==\" style=\"--smush-placeholder-width: 768px; --smush-placeholder-aspect-ratio: 768\/576;\" \/>\t\t\t\t\t\t\t\t\t\t\t\t\t\t\t<\/div>\n\t\t\t\t<\/div>\n\t\t\t\t<div class=\"elementor-element elementor-element-ef120cf elementor-widget elementor-widget-image\" data-id=\"ef120cf\" data-element_type=\"widget\" data-e-type=\"widget\" data-widget_type=\"image.default\">\n\t\t\t\t<div class=\"elementor-widget-container\">\n\t\t\t\t\t\t\t\t\t\t\t\t\t\t\t<img decoding=\"async\" width=\"686\" height=\"386\" data-src=\"https:\/\/andes.org.pe\/wp-content\/uploads\/2025\/10\/calca_2.jpg\" class=\"attachment-medium_large size-medium_large wp-image-3875 lazyload\" alt=\"\" data-srcset=\"https:\/\/andes.org.pe\/wp-content\/uploads\/2025\/10\/calca_2.jpg 686w, https:\/\/andes.org.pe\/wp-content\/uploads\/2025\/10\/calca_2-300x169.jpg 300w\" data-sizes=\"(max-width: 686px) 100vw, 686px\" src=\"data:image\/svg+xml;base64,PHN2ZyB3aWR0aD0iMSIgaGVpZ2h0PSIxIiB4bWxucz0iaHR0cDovL3d3dy53My5vcmcvMjAwMC9zdmciPjwvc3ZnPg==\" style=\"--smush-placeholder-width: 686px; --smush-placeholder-aspect-ratio: 686\/386;\" \/>\t\t\t\t\t\t\t\t\t\t\t\t\t\t\t<\/div>\n\t\t\t\t<\/div>\n\t\t\t\t\t<\/div>\n\t\t\t\t<\/div>\n\t\t\t\t<div class=\"elementor-element elementor-element-8b9e59a elementor-widget elementor-widget-text-editor\" data-id=\"8b9e59a\" data-element_type=\"widget\" data-e-type=\"widget\" data-widget_type=\"text-editor.default\">\n\t\t\t\t<div class=\"elementor-widget-container\">\n\t\t\t\t\t\t\t\t\t<p><span style=\"font-weight: 400;\">Calca es un peque\u00f1o pueblo en el Valle Sagrado. Es predominantemente un pueblo local y menos tur\u00edstico, as\u00ed que si quieres conocer gente local, tienes la posibilidad. Es un lugar tranquilo con un centro verde con varias tiendas, restaurantes y un mercado. Adem\u00e1s, desde Calca, la naturaleza y las monta\u00f1as est\u00e1n cerca, y hay varias rutas de senderismo. El pueblo cuenta con una estaci\u00f3n central de autobuses y es f\u00e1cilmente accesible en transporte p\u00fablico. A P\u00edsac se tarda unos 30 minutos y cuesta 5 soles, y a la oficina de Andes se tarda 10 minutos en autob\u00fas desde Calca en direcci\u00f3n a Urubamba y cuesta unos 2 soles.<\/span> <span style=\"font-weight: 400;\"><br \/><\/span><span style=\"font-weight: 400;\">En Calca, tambi\u00e9n se pueden buscar habitaciones o apartamentos en Facebook Marketplace. El alojamiento en Calca es m\u00e1s econ\u00f3mico y var\u00eda entre S\/ 250 y S\/ 400 (aproximadamente entre $70 y $110) al mes. Los alojamientos son, en general, m\u00e1s b\u00e1sicos, pero quienes los ofrecen son muy amables. Recomendamos los siguientes alojamientos.<\/span><\/p>\t\t\t\t\t\t\t\t<\/div>\n\t\t\t\t<\/div>\n\t\t\t\t<\/div>\n\t\t<div id=\"e-n-tab-content-2262726863\" role=\"tabpanel\" aria-labelledby=\"e-n-tab-title-2262726863\" data-tab-index=\"3\" style=\"--n-tabs-title-order: 3;\" class=\"elementor-element elementor-element-3b98bc0 e-con-full e-flex e-con e-child\" data-id=\"3b98bc0\" data-element_type=\"container\" data-e-type=\"container\">\n\t\t\t\t<div class=\"elementor-element elementor-element-7cc9b34 elementor-widget elementor-widget-shortcode\" data-id=\"7cc9b34\" data-element_type=\"widget\" data-e-type=\"widget\" data-widget_type=\"shortcode.default\">\n\t\t\t\t<div class=\"elementor-widget-container\">\n\t\t\t\t\t\t\t<div class=\"elementor-shortcode\"><div class=\"student-publications-container\"><a href=\"https:\/\/andesfiles.s3.sa-east-1.amazonaws.com\/Publications\/Heritage-led+Planning+for+Rural+Community+Resilience-+Terrace+Landscapes+in+Peru.pdf\" target=\"_blank\" class=\"student-publication-item\"><div class=\"student-pub-meta\"><h3 class=\"student-pub-title\">Heritage-led Planning for Rural Community Resilience: Terrace Landscapes in Peru (2021).<\/h3><p class=\"student-pub-author\"><strong>Autor:<\/strong> Bhattacharya, Sampoorna -  University of Guelph, MSc Rural Planning and Development. <\/p><p class=\"student-pub-year\"><strong>A\u00f1o:<\/strong> 2021<\/p><p class=\"student-pub-keywords\"><strong>Palabras Clave:<\/strong> community development, rural studies, terrace agriculture, conservation, Parque de la Papa<\/p><\/div><div class=\"student-pub-content\"><div class=\"student-pub-thumb\"><img decoding=\"async\" width=\"238\" height=\"300\" data-src=\"https:\/\/andes.org.pe\/wp-content\/uploads\/2025\/09\/Heritage-led-Planning-for-Rural-Community-Resilience-238x300.png\" class=\"attachment-medium size-medium wp-post-image lazyload\" alt=\"\" data-srcset=\"https:\/\/andes.org.pe\/wp-content\/uploads\/2025\/09\/Heritage-led-Planning-for-Rural-Community-Resilience-238x300.png 238w, https:\/\/andes.org.pe\/wp-content\/uploads\/2025\/09\/Heritage-led-Planning-for-Rural-Community-Resilience-812x1024.png 812w, https:\/\/andes.org.pe\/wp-content\/uploads\/2025\/09\/Heritage-led-Planning-for-Rural-Community-Resilience-768x968.png 768w, https:\/\/andes.org.pe\/wp-content\/uploads\/2025\/09\/Heritage-led-Planning-for-Rural-Community-Resilience.png 950w\" data-sizes=\"(max-width: 238px) 100vw, 238px\" src=\"data:image\/svg+xml;base64,PHN2ZyB3aWR0aD0iMSIgaGVpZ2h0PSIxIiB4bWxucz0iaHR0cDovL3d3dy53My5vcmcvMjAwMC9zdmciPjwvc3ZnPg==\" style=\"--smush-placeholder-width: 238px; --smush-placeholder-aspect-ratio: 238\/300;\" \/><\/div><\/div><\/a><a href=\"https:\/\/andesfiles.s3.sa-east-1.amazonaws.com\/Publications\/The+Engagement+of+Sumaq+Kawsay+or+Harmonious+Living%E2%80%99+in+the+Peruvian+Andes.pdf\" target=\"_blank\" class=\"student-publication-item\"><div class=\"student-pub-meta\"><h3 class=\"student-pub-title\">Mobilizing Development Alternatives: The Engagement of Sumaq Kawsay, or \u2018Harmonious Living\u2019 in the Peruvian Andes (2023)<\/h3><p class=\"student-pub-author\"><strong>Autor:<\/strong> Bennett, Sammi - University of Oxford, Master of Philosophy in Development Studies<\/p><p class=\"student-pub-year\"><strong>A\u00f1o:<\/strong> 2023<\/p><p class=\"student-pub-keywords\"><strong>Palabras Clave:<\/strong> Sumaq Kausay, development, Harmonious Living, The Peruvian Andes<\/p><\/div><div class=\"student-pub-content\"><div class=\"student-pub-thumb\"><img decoding=\"async\" width=\"279\" height=\"300\" data-src=\"https:\/\/andes.org.pe\/wp-content\/uploads\/2025\/09\/Engagement-of-Sumaq-Kawsay-or-Harmonious-Living-in-the-Peruvian-Andes-279x300.jpg\" class=\"attachment-medium size-medium wp-post-image lazyload\" alt=\"\" data-srcset=\"https:\/\/andes.org.pe\/wp-content\/uploads\/2025\/09\/Engagement-of-Sumaq-Kawsay-or-Harmonious-Living-in-the-Peruvian-Andes-279x300.jpg 279w, https:\/\/andes.org.pe\/wp-content\/uploads\/2025\/09\/Engagement-of-Sumaq-Kawsay-or-Harmonious-Living-in-the-Peruvian-Andes.jpg 445w\" data-sizes=\"(max-width: 279px) 100vw, 279px\" src=\"data:image\/svg+xml;base64,PHN2ZyB3aWR0aD0iMSIgaGVpZ2h0PSIxIiB4bWxucz0iaHR0cDovL3d3dy53My5vcmcvMjAwMC9zdmciPjwvc3ZnPg==\" style=\"--smush-placeholder-width: 279px; --smush-placeholder-aspect-ratio: 279\/300;\" \/><\/div><\/div><\/a><a href=\"https:\/\/drive.google.com\/file\/d\/1W19YM_lEwQg9UHnGJdXzpjN_62iwY3xy\/view?usp=drive_link\" target=\"_blank\" class=\"student-publication-item\"><div class=\"student-pub-meta\"><h3 class=\"student-pub-title\">\u00bfHasta Qu\u00e9 Punto Los Territorios Ind\u00edgenas Pueden Y Deben Seguir \u201cDesarroll\u00e1ndose\u201d? (2024)<\/h3><p class=\"student-pub-author\"><strong>Autor:<\/strong> Blanc, Manon - L\u2019Institut d&#039;\u00c9tudes Politiques de Lyon<\/p><p class=\"student-pub-year\"><strong>A\u00f1o:<\/strong> 2024<\/p><p class=\"student-pub-keywords\"><strong>Palabras Clave:<\/strong> Sumaq Kausay, development<\/p><\/div><div class=\"student-pub-content\"><div class=\"student-pub-thumb\"><img decoding=\"async\" width=\"289\" height=\"300\" data-src=\"https:\/\/andes.org.pe\/wp-content\/uploads\/2025\/09\/hasta_que_puntps_los_territorios_indigenas-289x300.jpg\" class=\"attachment-medium size-medium wp-post-image lazyload\" alt=\"\" data-srcset=\"https:\/\/andes.org.pe\/wp-content\/uploads\/2025\/09\/hasta_que_puntps_los_territorios_indigenas-289x300.jpg 289w, https:\/\/andes.org.pe\/wp-content\/uploads\/2025\/09\/hasta_que_puntps_los_territorios_indigenas-768x798.jpg 768w, https:\/\/andes.org.pe\/wp-content\/uploads\/2025\/09\/hasta_que_puntps_los_territorios_indigenas.jpg 833w\" data-sizes=\"(max-width: 289px) 100vw, 289px\" src=\"data:image\/svg+xml;base64,PHN2ZyB3aWR0aD0iMSIgaGVpZ2h0PSIxIiB4bWxucz0iaHR0cDovL3d3dy53My5vcmcvMjAwMC9zdmciPjwvc3ZnPg==\" style=\"--smush-placeholder-width: 289px; --smush-placeholder-aspect-ratio: 289\/300;\" \/><\/div><\/div><\/a><a href=\"https:\/\/andesfiles.s3.sa-east-1.amazonaws.com\/Publications\/THROUGH+AN+INDIGENOUS+LENS+FOOD+SECURITY+IS+FOOD+SOVEREIGNTY.pdf\" target=\"_blank\" class=\"student-publication-item\"><div class=\"student-pub-meta\"><h3 class=\"student-pub-title\">Through an Indigenous Lens Food Security is Food Sovereignty: Case Studies of Maori of Aotearoa New Zealand and Andeans of Peru<\/h3><p class=\"student-pub-author\"><strong>Autor:<\/strong> Huambachano, Mariaelena. <\/p><p class=\"student-pub-year\"><strong>A\u00f1o:<\/strong> 2016<\/p><p class=\"student-pub-keywords\"><strong>Palabras Clave:<\/strong> Indigenous knowledge, traditional ecological knowledge, sumaq kawsay, food sovereignty <\/p><\/div><div class=\"student-pub-content\"><div class=\"student-pub-thumb\"><img decoding=\"async\" width=\"237\" height=\"300\" data-src=\"https:\/\/andes.org.pe\/wp-content\/uploads\/2025\/10\/Screenshot-2022-11-07-at-09.41.11-237x300.png\" class=\"attachment-medium size-medium wp-post-image lazyload\" alt=\"\" data-srcset=\"https:\/\/andes.org.pe\/wp-content\/uploads\/2025\/10\/Screenshot-2022-11-07-at-09.41.11-237x300.png 237w, https:\/\/andes.org.pe\/wp-content\/uploads\/2025\/10\/Screenshot-2022-11-07-at-09.41.11-768x972.png 768w, https:\/\/andes.org.pe\/wp-content\/uploads\/2025\/10\/Screenshot-2022-11-07-at-09.41.11-9x12.png 9w, https:\/\/andes.org.pe\/wp-content\/uploads\/2025\/10\/Screenshot-2022-11-07-at-09.41.11.png 792w\" data-sizes=\"(max-width: 237px) 100vw, 237px\" src=\"data:image\/svg+xml;base64,PHN2ZyB3aWR0aD0iMSIgaGVpZ2h0PSIxIiB4bWxucz0iaHR0cDovL3d3dy53My5vcmcvMjAwMC9zdmciPjwvc3ZnPg==\" style=\"--smush-placeholder-width: 237px; --smush-placeholder-aspect-ratio: 237\/300;\" \/><\/div><\/div><\/a><a href=\"https:\/\/andesfiles.s3.sa-east-1.amazonaws.com\/Publications\/PARTICIPATORY+CURRICULUM+DEVELOPMENT+FACILITATING+LEARNING+FOR+SOCIAL+CHANGE+IN+THE+ANDES.pdf\" target=\"_blank\" class=\"student-publication-item\"><div class=\"student-pub-meta\"><h3 class=\"student-pub-title\">Participatory Curriculum Development: Facilitating Learning for Social Change in the Andes<\/h3><p class=\"student-pub-author\"><strong>Autor:<\/strong> Stenner, Tammy - University of Athabasca, MA Integrated Studies.<\/p><p class=\"student-pub-year\"><strong>A\u00f1o:<\/strong> 2015<\/p><p class=\"student-pub-keywords\"><strong>Palabras Clave:<\/strong> Education, toolkit, indigenous literacies, Pluriversity<\/p><\/div><div class=\"student-pub-content\"><\/div><\/a><a href=\"https:\/\/andesfiles.s3.sa-east-1.amazonaws.com\/Publications\/walking_with_quechua_an_ethnography_of_worlding_i-groen_kennisnet_476090.pdf\" target=\"_blank\" class=\"student-publication-item\"><div class=\"student-pub-meta\"><h3 class=\"student-pub-title\">Walking with Quechua: An Ethnography of Worlding in the Peruvian Andes<\/h3><p class=\"student-pub-author\"><strong>Autor:<\/strong> Stomph, Dienke. <\/p><p class=\"student-pub-year\"><strong>A\u00f1o:<\/strong> 2019<\/p><p class=\"student-pub-keywords\"><strong>Palabras Clave:<\/strong> Posthuman anthropology, multispecies interaction, place-making, traditional knowledge <\/p><\/div><div class=\"student-pub-content\"><div class=\"student-pub-thumb\"><img decoding=\"async\" width=\"211\" height=\"300\" data-src=\"https:\/\/andes.org.pe\/wp-content\/uploads\/2025\/10\/Screenshot-2022-11-07-at-09.50.43-211x300.png\" class=\"attachment-medium size-medium wp-post-image lazyload\" alt=\"\" data-srcset=\"https:\/\/andes.org.pe\/wp-content\/uploads\/2025\/10\/Screenshot-2022-11-07-at-09.50.43-211x300.png 211w, https:\/\/andes.org.pe\/wp-content\/uploads\/2025\/10\/Screenshot-2022-11-07-at-09.50.43-720x1024.png 720w, https:\/\/andes.org.pe\/wp-content\/uploads\/2025\/10\/Screenshot-2022-11-07-at-09.50.43-768x1093.png 768w, https:\/\/andes.org.pe\/wp-content\/uploads\/2025\/10\/Screenshot-2022-11-07-at-09.50.43-8x12.png 8w, https:\/\/andes.org.pe\/wp-content\/uploads\/2025\/10\/Screenshot-2022-11-07-at-09.50.43.png 828w\" data-sizes=\"(max-width: 211px) 100vw, 211px\" src=\"data:image\/svg+xml;base64,PHN2ZyB3aWR0aD0iMSIgaGVpZ2h0PSIxIiB4bWxucz0iaHR0cDovL3d3dy53My5vcmcvMjAwMC9zdmciPjwvc3ZnPg==\" style=\"--smush-placeholder-width: 211px; --smush-placeholder-aspect-ratio: 211\/300;\" \/><\/div><\/div><\/a><a href=\"https:\/\/andesfiles.s3.sa-east-1.amazonaws.com\/Publications\/Tourisme_et_reduction_de_la_pauvrete_Etu.pdf\" target=\"_blank\" class=\"student-publication-item\"><div class=\"student-pub-meta\"><h3 class=\"student-pub-title\">Tourisme et Reduction de la Pauvrete: Etude des Impacts Socio-Economiques de L Agro-Ecotourisme du Parque de la Papa<\/h3><p class=\"student-pub-author\"><strong>Autor:<\/strong> Terry, Cristian - Graduate Institute of International and Development Studies, Geneva<\/p><p class=\"student-pub-year\"><strong>A\u00f1o:<\/strong> 2011<\/p><p class=\"student-pub-keywords\"><strong>Palabras Clave:<\/strong> Tourism, community development, Parque de la Papa <\/p><\/div><div class=\"student-pub-content\"><div class=\"student-pub-thumb\"><img decoding=\"async\" width=\"216\" height=\"300\" data-src=\"https:\/\/andes.org.pe\/wp-content\/uploads\/2025\/10\/Screenshot-2022-11-07-at-09.56.07-216x300.png\" class=\"attachment-medium size-medium wp-post-image lazyload\" alt=\"\" data-srcset=\"https:\/\/andes.org.pe\/wp-content\/uploads\/2025\/10\/Screenshot-2022-11-07-at-09.56.07-216x300.png 216w, https:\/\/andes.org.pe\/wp-content\/uploads\/2025\/10\/Screenshot-2022-11-07-at-09.56.07-738x1024.png 738w, https:\/\/andes.org.pe\/wp-content\/uploads\/2025\/10\/Screenshot-2022-11-07-at-09.56.07-768x1065.png 768w, https:\/\/andes.org.pe\/wp-content\/uploads\/2025\/10\/Screenshot-2022-11-07-at-09.56.07-9x12.png 9w, https:\/\/andes.org.pe\/wp-content\/uploads\/2025\/10\/Screenshot-2022-11-07-at-09.56.07.png 796w\" data-sizes=\"(max-width: 216px) 100vw, 216px\" src=\"data:image\/svg+xml;base64,PHN2ZyB3aWR0aD0iMSIgaGVpZ2h0PSIxIiB4bWxucz0iaHR0cDovL3d3dy53My5vcmcvMjAwMC9zdmciPjwvc3ZnPg==\" style=\"--smush-placeholder-width: 216px; --smush-placeholder-aspect-ratio: 216\/300;\" \/><\/div><\/div><\/a><a href=\"https:\/\/andesfiles.s3.sa-east-1.amazonaws.com\/Publications\/How+Quechua+Communities+are+Preserving+Crop+Biodiversity+through+Non-Competitive+Markets%2C+and+the+Resulting+Impacts+on+Food+Systems.pdf\" target=\"_blank\" class=\"student-publication-item\"><div class=\"student-pub-meta\"><h3 class=\"student-pub-title\">How Quechua Communities are Preserving Crop Biodiversity through Non-Competitive Markets, and the Resulting Impacts on Food Systems<\/h3><p class=\"student-pub-author\"><strong>Autor:<\/strong> Hawes, Leah - University of Sussex, institute of Development Studies, MA Food and Development Studies<\/p><p class=\"student-pub-year\"><strong>A\u00f1o:<\/strong> 2022<\/p><p class=\"student-pub-keywords\"><strong>Palabras Clave:<\/strong> biodiversity, alternative markets, food systems<\/p><\/div><div class=\"student-pub-content\"><\/div><\/a><a href=\"https:\/\/andesfiles.s3.sa-east-1.amazonaws.com\/Publications\/PLURALITY+CO-CREATION+AND+TRANSFORMATIVE+SOCIO-ECOLOGICAL.pdf\" target=\"_blank\" class=\"student-publication-item\"><div class=\"student-pub-meta\"><h3 class=\"student-pub-title\">Bridging Knowledge Systems In The Peruvian Andes: Plurality, Co-Creation And Transformative Socio-Ecological Solutions To Climate CHANGE<\/h3><p class=\"student-pub-author\"><strong>Autor:<\/strong> Domenique Ciavattone - SIT Graduate Institute, USA, Master of Arts in Climate Change and Global Sustainability<\/p><p class=\"student-pub-year\"><strong>A\u00f1o:<\/strong> 2022<\/p><p class=\"student-pub-keywords\"><strong>Palabras Clave:<\/strong> traditional knowledge, co-creation, socio-ecological solutions, plurality<\/p><\/div><div class=\"student-pub-content\"><div class=\"student-pub-thumb\"><img decoding=\"async\" width=\"300\" height=\"198\" data-src=\"https:\/\/andes.org.pe\/wp-content\/uploads\/2025\/10\/PLURALITY-CO-CREATION-AND-TRANSFORMATIVE-SOCIO-ECOLOGICAL-SOLUTIONS-TO-CLIMATE-CHANGE-300x198.jpg\" class=\"attachment-medium size-medium wp-post-image lazyload\" alt=\"\" data-srcset=\"https:\/\/andes.org.pe\/wp-content\/uploads\/2025\/10\/PLURALITY-CO-CREATION-AND-TRANSFORMATIVE-SOCIO-ECOLOGICAL-SOLUTIONS-TO-CLIMATE-CHANGE-300x198.jpg 300w, https:\/\/andes.org.pe\/wp-content\/uploads\/2025\/10\/PLURALITY-CO-CREATION-AND-TRANSFORMATIVE-SOCIO-ECOLOGICAL-SOLUTIONS-TO-CLIMATE-CHANGE-18x12.jpg 18w, https:\/\/andes.org.pe\/wp-content\/uploads\/2025\/10\/PLURALITY-CO-CREATION-AND-TRANSFORMATIVE-SOCIO-ECOLOGICAL-SOLUTIONS-TO-CLIMATE-CHANGE.jpg 621w\" data-sizes=\"(max-width: 300px) 100vw, 300px\" src=\"data:image\/svg+xml;base64,PHN2ZyB3aWR0aD0iMSIgaGVpZ2h0PSIxIiB4bWxucz0iaHR0cDovL3d3dy53My5vcmcvMjAwMC9zdmciPjwvc3ZnPg==\" style=\"--smush-placeholder-width: 300px; --smush-placeholder-aspect-ratio: 300\/198;\" \/><\/div><\/div><\/a><a href=\"https:\/\/andesfiles.s3.sa-east-1.amazonaws.com\/Publications\/33+Social+Economy+Based+Microenterprise+as+an+Alternative+Community+Development+Model+a+case+study+in+rural+Peru.pdf\" target=\"_blank\" class=\"student-publication-item\"><div class=\"student-pub-meta\"><h3 class=\"student-pub-title\">Social Economy-Based Microenterprise as an Alternative Community Development Model: A Case Study in Rural Peru<\/h3><p class=\"student-pub-author\"><strong>Autor:<\/strong> Duan, Cheong - Lund University, MA International Development and Management.<\/p><p class=\"student-pub-year\"><strong>A\u00f1o:<\/strong> 2011<\/p><p class=\"student-pub-keywords\"><strong>Palabras Clave:<\/strong> community development, tourism, microenterprises, Parque de la Papa <\/p><\/div><div class=\"student-pub-content\"><div class=\"student-pub-thumb\"><img decoding=\"async\" width=\"219\" height=\"300\" data-src=\"https:\/\/andes.org.pe\/wp-content\/uploads\/2025\/10\/Duan_scaled-219x300.png\" class=\"attachment-medium size-medium wp-post-image lazyload\" alt=\"\" data-srcset=\"https:\/\/andes.org.pe\/wp-content\/uploads\/2025\/10\/Duan_scaled-219x300.png 219w, https:\/\/andes.org.pe\/wp-content\/uploads\/2025\/10\/Duan_scaled-9x12.png 9w, https:\/\/andes.org.pe\/wp-content\/uploads\/2025\/10\/Duan_scaled.png 500w\" data-sizes=\"(max-width: 219px) 100vw, 219px\" src=\"data:image\/svg+xml;base64,PHN2ZyB3aWR0aD0iMSIgaGVpZ2h0PSIxIiB4bWxucz0iaHR0cDovL3d3dy53My5vcmcvMjAwMC9zdmciPjwvc3ZnPg==\" style=\"--smush-placeholder-width: 219px; --smush-placeholder-aspect-ratio: 219\/300;\" \/><\/div><\/div><\/a><a href=\"https:\/\/andesfiles.s3.sa-east-1.amazonaws.com\/Publications\/37+Escalating+Tensions+The+Emerging+Relationship+Between+Intellectual+Property+Rights+and+Indigenous+Rights+in+Peru.pdf\" target=\"_blank\" class=\"student-publication-item\"><div class=\"student-pub-meta\"><h3 class=\"student-pub-title\">Escalating Tensions:The Emerging Relationship Between Intellectual Property Rights and Indigenous Rights in Peru<\/h3><p class=\"student-pub-author\"><strong>Autor:<\/strong> Greenwood-Sanchez, David. - University of Minnesota, Master of Public Policy (MPP)<\/p><p class=\"student-pub-year\"><strong>A\u00f1o:<\/strong> 2011<\/p><p class=\"student-pub-keywords\"><strong>Palabras Clave:<\/strong> Human rights, intellectual property, indigenous rights, Parque de la Papa&lt;<\/p><\/div><div class=\"student-pub-content\"><div class=\"student-pub-thumb\"><img decoding=\"async\" width=\"244\" height=\"300\" data-src=\"https:\/\/andes.org.pe\/wp-content\/uploads\/2025\/10\/Sanchez-thesis-244x300.png\" class=\"attachment-medium size-medium wp-post-image lazyload\" alt=\"\" data-srcset=\"https:\/\/andes.org.pe\/wp-content\/uploads\/2025\/10\/Sanchez-thesis-244x300.png 244w, https:\/\/andes.org.pe\/wp-content\/uploads\/2025\/10\/Sanchez-thesis-833x1024.png 833w, https:\/\/andes.org.pe\/wp-content\/uploads\/2025\/10\/Sanchez-thesis-768x944.png 768w, https:\/\/andes.org.pe\/wp-content\/uploads\/2025\/10\/Sanchez-thesis-1250x1536.png 1250w, https:\/\/andes.org.pe\/wp-content\/uploads\/2025\/10\/Sanchez-thesis-10x12.png 10w, https:\/\/andes.org.pe\/wp-content\/uploads\/2025\/10\/Sanchez-thesis.png 1294w\" data-sizes=\"(max-width: 244px) 100vw, 244px\" src=\"data:image\/svg+xml;base64,PHN2ZyB3aWR0aD0iMSIgaGVpZ2h0PSIxIiB4bWxucz0iaHR0cDovL3d3dy53My5vcmcvMjAwMC9zdmciPjwvc3ZnPg==\" style=\"--smush-placeholder-width: 244px; --smush-placeholder-aspect-ratio: 244\/300;\" \/><\/div><\/div><\/a><a href=\"https:\/\/andesfiles.s3.sa-east-1.amazonaws.com\/Publications\/38+Decolonization+as+Relocalization+Conceptual+and+Strategic+Frameworks+of+the+Parque+de+la+Papa+-+Qosqo.pdf\" target=\"_blank\" class=\"student-publication-item\"><div class=\"student-pub-meta\"><h3 class=\"student-pub-title\">Decolonization as Relocalization: Conceptual and Strategic Frameworks of the Parque de la Papa, Qosqo<\/h3><p class=\"student-pub-author\"><strong>Autor:<\/strong> Grey, Sam - University of Victoria, MA Human and Social Development. <\/p><p class=\"student-pub-year\"><strong>A\u00f1o:<\/strong> 2008<\/p><p class=\"student-pub-keywords\"><strong>Palabras Clave:<\/strong> Decolonization, Andean politics, place-making, governance, Parque de la Papa <\/p><\/div><div class=\"student-pub-content\"><div class=\"student-pub-thumb\"><img decoding=\"async\" width=\"236\" height=\"300\" data-src=\"https:\/\/andes.org.pe\/wp-content\/uploads\/2025\/10\/Grey-thesis-236x300.png\" class=\"attachment-medium size-medium wp-post-image lazyload\" alt=\"\" data-srcset=\"https:\/\/andes.org.pe\/wp-content\/uploads\/2025\/10\/Grey-thesis-236x300.png 236w, https:\/\/andes.org.pe\/wp-content\/uploads\/2025\/10\/Grey-thesis-806x1024.png 806w, https:\/\/andes.org.pe\/wp-content\/uploads\/2025\/10\/Grey-thesis-768x976.png 768w, https:\/\/andes.org.pe\/wp-content\/uploads\/2025\/10\/Grey-thesis-1209x1536.png 1209w, https:\/\/andes.org.pe\/wp-content\/uploads\/2025\/10\/Grey-thesis-9x12.png 9w, https:\/\/andes.org.pe\/wp-content\/uploads\/2025\/10\/Grey-thesis.png 1218w\" data-sizes=\"(max-width: 236px) 100vw, 236px\" src=\"data:image\/svg+xml;base64,PHN2ZyB3aWR0aD0iMSIgaGVpZ2h0PSIxIiB4bWxucz0iaHR0cDovL3d3dy53My5vcmcvMjAwMC9zdmciPjwvc3ZnPg==\" style=\"--smush-placeholder-width: 236px; --smush-placeholder-aspect-ratio: 236\/300;\" \/><\/div><\/div><\/a><a href=\"https:\/\/gradebuddy.com\/doc\/195119\/conservation-planning\/?full=1\" target=\"_blank\" class=\"student-publication-item\"><div class=\"student-pub-meta\"><h3 class=\"student-pub-title\">Conservation Planning and Ecotourism Design<\/h3><p class=\"student-pub-author\"><strong>Autor:<\/strong> Hettler, Brian - State University of New York, Master of Landscape Architecture.<\/p><p class=\"student-pub-year\"><strong>A\u00f1o:<\/strong> 2011<\/p><p class=\"student-pub-keywords\"><strong>Palabras Clave:<\/strong> Community development, ecotourism, cultural heritage, Parque de la Papa<\/p><\/div><div class=\"student-pub-content\"><div class=\"student-pub-thumb\"><img decoding=\"async\" width=\"300\" height=\"232\" data-src=\"https:\/\/andes.org.pe\/wp-content\/uploads\/2025\/10\/hettler-thesis_escaled-300x232.png\" class=\"attachment-medium size-medium wp-post-image lazyload\" alt=\"\" data-srcset=\"https:\/\/andes.org.pe\/wp-content\/uploads\/2025\/10\/hettler-thesis_escaled-300x232.png 300w, https:\/\/andes.org.pe\/wp-content\/uploads\/2025\/10\/hettler-thesis_escaled-16x12.png 16w, https:\/\/andes.org.pe\/wp-content\/uploads\/2025\/10\/hettler-thesis_escaled.png 600w\" data-sizes=\"(max-width: 300px) 100vw, 300px\" src=\"data:image\/svg+xml;base64,PHN2ZyB3aWR0aD0iMSIgaGVpZ2h0PSIxIiB4bWxucz0iaHR0cDovL3d3dy53My5vcmcvMjAwMC9zdmciPjwvc3ZnPg==\" style=\"--smush-placeholder-width: 300px; --smush-placeholder-aspect-ratio: 300\/232;\" \/><\/div><\/div><\/a><a href=\"https:\/\/andesfiles.s3.sa-east-1.amazonaws.com\/Publications\/43+Criar+y+Dejarse+Criar+Trans-Situ+Crop+Conservation+and+Indigenous+Landscape+Management+through+a+Network+of+Global+Food+Neighborhoods.pdf\" target=\"_blank\" class=\"student-publication-item\"><div class=\"student-pub-meta\"><h3 class=\"student-pub-title\">Criar y Dejarse Criar: Trans-Situ Crop Conservation and Indigenous Landscape Management through a Network of Global Food Neighborhoods<\/h3><p class=\"student-pub-author\"><strong>Autor:<\/strong> Madden, Cass - SIT Graduate Institute, MA Climate Change and Global Sustainability. <\/p><p class=\"student-pub-year\"><strong>A\u00f1o:<\/strong> 2019<\/p><p class=\"student-pub-keywords\"><strong>Palabras Clave:<\/strong> Plant genetic resources, spatial modeling, biocultural heritage, Parque de la Papa<\/p><\/div><div class=\"student-pub-content\"><div class=\"student-pub-thumb\"><img decoding=\"async\" width=\"247\" height=\"300\" data-src=\"https:\/\/andes.org.pe\/wp-content\/uploads\/2025\/10\/Criar-y-dejarse-criar-247x300.png\" class=\"attachment-medium size-medium wp-post-image lazyload\" alt=\"\" data-srcset=\"https:\/\/andes.org.pe\/wp-content\/uploads\/2025\/10\/Criar-y-dejarse-criar-247x300.png 247w, https:\/\/andes.org.pe\/wp-content\/uploads\/2025\/10\/Criar-y-dejarse-criar-845x1024.png 845w, https:\/\/andes.org.pe\/wp-content\/uploads\/2025\/10\/Criar-y-dejarse-criar-768x931.png 768w, https:\/\/andes.org.pe\/wp-content\/uploads\/2025\/10\/Criar-y-dejarse-criar-1267x1536.png 1267w, https:\/\/andes.org.pe\/wp-content\/uploads\/2025\/10\/Criar-y-dejarse-criar-10x12.png 10w, https:\/\/andes.org.pe\/wp-content\/uploads\/2025\/10\/Criar-y-dejarse-criar.png 1290w\" data-sizes=\"(max-width: 247px) 100vw, 247px\" src=\"data:image\/svg+xml;base64,PHN2ZyB3aWR0aD0iMSIgaGVpZ2h0PSIxIiB4bWxucz0iaHR0cDovL3d3dy53My5vcmcvMjAwMC9zdmciPjwvc3ZnPg==\" style=\"--smush-placeholder-width: 247px; --smush-placeholder-aspect-ratio: 247\/300;\" \/><\/div><\/div><\/a><a href=\"https:\/\/hdl.handle.net\/10803\/4067\" target=\"_blank\" class=\"student-publication-item\"><div class=\"student-pub-meta\"><h3 class=\"student-pub-title\">La Multidimensionalidad de los sistemas locales de alimentaci\u00f3n en los Andes peruanos : los chalayplasa del Valle de Lares (Cusco)<\/h3><p class=\"student-pub-author\"><strong>Autor:<\/strong> Mart\u00ed Sanz, Neus - Universitat Aut\u00f2noma de Barcelona, PhD Ciencias Ambientales. <\/p><p class=\"student-pub-year\"><strong>A\u00f1o:<\/strong> 2006<\/p><p class=\"student-pub-keywords\"><strong>Palabras Clave:<\/strong> Barter markets, traditional knowledge, food sovereignty, agroecosystems, Lares Valley<\/p><\/div><div class=\"student-pub-content\"><div class=\"student-pub-thumb\"><img decoding=\"async\" width=\"228\" height=\"300\" data-src=\"https:\/\/andes.org.pe\/wp-content\/uploads\/2025\/10\/Neus-thesis-228x300.png\" class=\"attachment-medium size-medium wp-post-image lazyload\" alt=\"\" data-srcset=\"https:\/\/andes.org.pe\/wp-content\/uploads\/2025\/10\/Neus-thesis-228x300.png 228w, https:\/\/andes.org.pe\/wp-content\/uploads\/2025\/10\/Neus-thesis-778x1024.png 778w, https:\/\/andes.org.pe\/wp-content\/uploads\/2025\/10\/Neus-thesis-768x1011.png 768w, https:\/\/andes.org.pe\/wp-content\/uploads\/2025\/10\/Neus-thesis-9x12.png 9w, https:\/\/andes.org.pe\/wp-content\/uploads\/2025\/10\/Neus-thesis.png 1138w\" data-sizes=\"(max-width: 228px) 100vw, 228px\" src=\"data:image\/svg+xml;base64,PHN2ZyB3aWR0aD0iMSIgaGVpZ2h0PSIxIiB4bWxucz0iaHR0cDovL3d3dy53My5vcmcvMjAwMC9zdmciPjwvc3ZnPg==\" style=\"--smush-placeholder-width: 228px; --smush-placeholder-aspect-ratio: 228\/300;\" \/><\/div><\/div><\/a><a href=\"https:\/\/andesfiles.s3.sa-east-1.amazonaws.com\/Publications\/36+Climate+Change+and+Peruvian+Potato+Farming+Tradiotional+Knowledge+in+Climate+Change+Adaptation.pdf\" target=\"_blank\" class=\"student-publication-item\"><div class=\"student-pub-meta\"><h3 class=\"student-pub-title\">Climate change and Peruvian potato farming: Traditional knowledge in climate change adaptation<\/h3><p class=\"student-pub-author\"><strong>Autor:<\/strong> Giamberso, Lisa Rose. - University of Oregon, B.A. Environmental Studies.<\/p><p class=\"student-pub-year\"><strong>A\u00f1o:<\/strong> 2014<\/p><p class=\"student-pub-keywords\"><strong>Palabras Clave:<\/strong> thesis, potato park, parque de la papa, traditional ecological knowledge<\/p><\/div><div class=\"student-pub-content\"><div class=\"student-pub-thumb\"><img decoding=\"async\" width=\"231\" height=\"300\" data-src=\"https:\/\/andes.org.pe\/wp-content\/uploads\/2025\/10\/giamberso-thesis-231x300.png\" class=\"attachment-medium size-medium wp-post-image lazyload\" alt=\"\" data-srcset=\"https:\/\/andes.org.pe\/wp-content\/uploads\/2025\/10\/giamberso-thesis-231x300.png 231w, https:\/\/andes.org.pe\/wp-content\/uploads\/2025\/10\/giamberso-thesis-788x1024.png 788w, https:\/\/andes.org.pe\/wp-content\/uploads\/2025\/10\/giamberso-thesis-768x998.png 768w, https:\/\/andes.org.pe\/wp-content\/uploads\/2025\/10\/giamberso-thesis-9x12.png 9w, https:\/\/andes.org.pe\/wp-content\/uploads\/2025\/10\/giamberso-thesis.png 1074w\" data-sizes=\"(max-width: 231px) 100vw, 231px\" src=\"data:image\/svg+xml;base64,PHN2ZyB3aWR0aD0iMSIgaGVpZ2h0PSIxIiB4bWxucz0iaHR0cDovL3d3dy53My5vcmcvMjAwMC9zdmciPjwvc3ZnPg==\" style=\"--smush-placeholder-width: 231px; --smush-placeholder-aspect-ratio: 231\/300;\" \/><\/div><\/div><\/a><a href=\"https:\/\/discovery.ucl.ac.uk\/id\/eprint\/10116030\" target=\"_blank\" class=\"student-publication-item\"><div class=\"student-pub-meta\"><h3 class=\"student-pub-title\">Development, Interculturality and Power: Translating an NGO-Led Development Intervention in The Peruvian Andes<\/h3><p class=\"student-pub-author\"><strong>Autor:<\/strong> Chichizola Ramirez, Bruno Enrico - University College of London, PhD Development Planning. <\/p><p class=\"student-pub-year\"><strong>A\u00f1o:<\/strong> 2020<\/p><p class=\"student-pub-keywords\"><strong>Palabras Clave:<\/strong> interculturality, development practice<\/p><\/div><div class=\"student-pub-content\"><div class=\"student-pub-thumb\"><img decoding=\"async\" width=\"300\" height=\"222\" data-src=\"https:\/\/andes.org.pe\/wp-content\/uploads\/2025\/10\/developmentinterculturalidadandpower-300x222.png\" class=\"attachment-medium size-medium wp-post-image lazyload\" alt=\"\" data-srcset=\"https:\/\/andes.org.pe\/wp-content\/uploads\/2025\/10\/developmentinterculturalidadandpower-300x222.png 300w, https:\/\/andes.org.pe\/wp-content\/uploads\/2025\/10\/developmentinterculturalidadandpower-1024x759.png 1024w, https:\/\/andes.org.pe\/wp-content\/uploads\/2025\/10\/developmentinterculturalidadandpower-768x569.png 768w, https:\/\/andes.org.pe\/wp-content\/uploads\/2025\/10\/developmentinterculturalidadandpower-1536x1138.png 1536w, https:\/\/andes.org.pe\/wp-content\/uploads\/2025\/10\/developmentinterculturalidadandpower-16x12.png 16w, https:\/\/andes.org.pe\/wp-content\/uploads\/2025\/10\/developmentinterculturalidadandpower.png 1646w\" data-sizes=\"(max-width: 300px) 100vw, 300px\" src=\"data:image\/svg+xml;base64,PHN2ZyB3aWR0aD0iMSIgaGVpZ2h0PSIxIiB4bWxucz0iaHR0cDovL3d3dy53My5vcmcvMjAwMC9zdmciPjwvc3ZnPg==\" style=\"--smush-placeholder-width: 300px; --smush-placeholder-aspect-ratio: 300\/222;\" \/><\/div><\/div><\/a><a href=\"https:\/\/andesfiles.s3.sa-east-1.amazonaws.com\/Publications\/59+Resilient+Biocultural+Heritage+Landscapes+for+Sustainable+Mountain+Development.pdf\" target=\"_blank\" class=\"student-publication-item\"><div class=\"student-pub-meta\"><h3 class=\"student-pub-title\">Resilient Biocultural Heritage Landscapes for Sustainable Mountain Development, INMIP, Peru<\/h3><p class=\"student-pub-author\"><strong>Autor:<\/strong> Swiderska, Krystyna - Coventry University, PhD Agroecology, Water, and Resilience. <\/p><p class=\"student-pub-year\"><strong>A\u00f1o:<\/strong> 2017<\/p><p class=\"student-pub-keywords\"><strong>Palabras Clave:<\/strong> Biocultural Heritage Territories, decolonization, upscaling, food sovereignty<\/p><\/div><div class=\"student-pub-content\"><div class=\"student-pub-thumb\"><img decoding=\"async\" width=\"210\" height=\"300\" data-src=\"https:\/\/andes.org.pe\/wp-content\/uploads\/2025\/10\/INMIP-Peru_escaled-210x300.png\" class=\"attachment-medium size-medium wp-post-image lazyload\" alt=\"\" data-srcset=\"https:\/\/andes.org.pe\/wp-content\/uploads\/2025\/10\/INMIP-Peru_escaled-210x300.png 210w, https:\/\/andes.org.pe\/wp-content\/uploads\/2025\/10\/INMIP-Peru_escaled-8x12.png 8w, https:\/\/andes.org.pe\/wp-content\/uploads\/2025\/10\/INMIP-Peru_escaled.png 500w\" data-sizes=\"(max-width: 210px) 100vw, 210px\" src=\"data:image\/svg+xml;base64,PHN2ZyB3aWR0aD0iMSIgaGVpZ2h0PSIxIiB4bWxucz0iaHR0cDovL3d3dy53My5vcmcvMjAwMC9zdmciPjwvc3ZnPg==\" style=\"--smush-placeholder-width: 210px; --smush-placeholder-aspect-ratio: 210\/300;\" \/><\/div><\/div><\/a><a href=\"https:\/\/www.academia.edu\/30442305\/Intersections_of_local_ontologies_and_the_market_economy_through_rural_community_tourism_A_case_study_of_Amaru_village_in_Southern_Andes_Peru\" target=\"_blank\" class=\"student-publication-item\"><div class=\"student-pub-meta\"><h3 class=\"student-pub-title\">Intersections of local ontologies and the market economy through rural community tourism A case study of Amaru village in Southern Andes, Peru<\/h3><p class=\"student-pub-author\"><strong>Autor:<\/strong> Tatliadum, Asli Nur - University of London, MSc Anthropology, Environment and Development. <\/p><p class=\"student-pub-year\"><strong>A\u00f1o:<\/strong> 2015<\/p><p class=\"student-pub-keywords\"><strong>Palabras Clave:<\/strong> Sustainable tourism, community development, neoliberalism, Parque de la Papa<\/p><\/div><div class=\"student-pub-content\"><div class=\"student-pub-thumb\"><img decoding=\"async\" width=\"238\" height=\"300\" data-src=\"https:\/\/andes.org.pe\/wp-content\/uploads\/2025\/10\/Asli-thesis_escaled-238x300.png\" class=\"attachment-medium size-medium wp-post-image lazyload\" alt=\"\" data-srcset=\"https:\/\/andes.org.pe\/wp-content\/uploads\/2025\/10\/Asli-thesis_escaled-238x300.png 238w, https:\/\/andes.org.pe\/wp-content\/uploads\/2025\/10\/Asli-thesis_escaled-10x12.png 10w, https:\/\/andes.org.pe\/wp-content\/uploads\/2025\/10\/Asli-thesis_escaled.png 600w\" data-sizes=\"(max-width: 238px) 100vw, 238px\" src=\"data:image\/svg+xml;base64,PHN2ZyB3aWR0aD0iMSIgaGVpZ2h0PSIxIiB4bWxucz0iaHR0cDovL3d3dy53My5vcmcvMjAwMC9zdmciPjwvc3ZnPg==\" style=\"--smush-placeholder-width: 238px; --smush-placeholder-aspect-ratio: 238\/300;\" \/><\/div><\/div><\/a><a href=\"https:\/\/digitalcollections.sit.edu\/cgi\/viewcontent.cgi?article=2684&#038;context=isp_collection\" target=\"_blank\" class=\"student-publication-item\"><div class=\"student-pub-meta\"><h3 class=\"student-pub-title\">Por Eso Cuidamos Una Investigacion Sobre las Motivaciones Culturales Andinas que Incentivan a la Gente Indigena local a Conservar la Naturaleza en el Parque de la Papa, Pisac, Peru<\/h3><p class=\"student-pub-author\"><strong>Autor:<\/strong> Yanuck, Sarah - SIT Study Abroad<\/p><p class=\"student-pub-year\"><strong>A\u00f1o:<\/strong> 2013<\/p><p class=\"student-pub-keywords\"><strong>Palabras Clave:<\/strong> conservation, traditional knowledge, Parque de la Papa<\/p><\/div><div class=\"student-pub-content\"><div class=\"student-pub-thumb\"><img decoding=\"async\" width=\"279\" height=\"300\" data-src=\"https:\/\/andes.org.pe\/wp-content\/uploads\/2025\/10\/Yanuck_small-279x300.jpg\" class=\"attachment-medium size-medium wp-post-image lazyload\" alt=\"\" data-srcset=\"https:\/\/andes.org.pe\/wp-content\/uploads\/2025\/10\/Yanuck_small-279x300.jpg 279w, https:\/\/andes.org.pe\/wp-content\/uploads\/2025\/10\/Yanuck_small-11x12.jpg 11w, https:\/\/andes.org.pe\/wp-content\/uploads\/2025\/10\/Yanuck_small.jpg 493w\" data-sizes=\"(max-width: 279px) 100vw, 279px\" src=\"data:image\/svg+xml;base64,PHN2ZyB3aWR0aD0iMSIgaGVpZ2h0PSIxIiB4bWxucz0iaHR0cDovL3d3dy53My5vcmcvMjAwMC9zdmciPjwvc3ZnPg==\" style=\"--smush-placeholder-width: 279px; --smush-placeholder-aspect-ratio: 279\/300;\" \/><\/div><\/div><\/a><\/div>\n<\/div>\n\t\t\t\t\t\t<\/div>\n\t\t\t\t<\/div>\n\t\t\t\t<\/div>\n\t\t\t\t\t<\/div>\n\t\t<\/div>\n\t\t\t\t\t\t<\/div>\n\t\t\t\t<\/div>\n\t\t\t\t\t<\/div>\n\t\t\t\t<\/div>\n\t\t\t\t<\/div>","protected":false},"excerpt":{"rendered":"<p>Internship &amp; Volunteering Internship &amp; Volunteering Gain hands-on experience working with local experts in Peru. General Information Housing Student Research Are you interested in an internship with ANDES to gain [&hellip;]<\/p>\n","protected":false},"author":1,"featured_media":0,"parent":0,"menu_order":0,"comment_status":"closed","ping_status":"closed","template":"","meta":{"_acf_changed":false,"site-sidebar-layout":"no-sidebar","site-content-layout":"page-builder","ast-site-content-layout":"full-width-container","site-content-style":"default","site-sidebar-style":"default","ast-global-header-display":"","ast-banner-title-visibility":"disabled","ast-main-header-display":"","ast-hfb-above-header-display":"","ast-hfb-below-header-display":"","ast-hfb-mobile-header-display":"","site-post-title":"disabled","ast-breadcrumbs-content":"","ast-featured-img":"disabled","footer-sml-layout":"","ast-disable-related-posts":"","theme-transparent-header-meta":"enabled","adv-header-id-meta":"","stick-header-meta":"","header-above-stick-meta":"","header-main-stick-meta":"","header-below-stick-meta":"","astra-migrate-meta-layouts":"set","ast-page-background-enabled":"default","ast-page-background-meta":{"desktop":{"background-color":"var(--ast-global-color-4)","background-image":"","background-repeat":"repeat","background-position":"center center","background-size":"auto","background-attachment":"scroll","background-type":"","background-media":"","overlay-type":"","overlay-color":"","overlay-opacity":"","overlay-gradient":""},"tablet":{"background-color":"","background-image":"","background-repeat":"repeat","background-position":"center center","background-size":"auto","background-attachment":"scroll","background-type":"","background-media":"","overlay-type":"","overlay-color":"","overlay-opacity":"","overlay-gradient":""},"mobile":{"background-color":"","background-image":"","background-repeat":"repeat","background-position":"center center","background-size":"auto","background-attachment":"scroll","background-type":"","background-media":"","overlay-type":"","overlay-color":"","overlay-opacity":"","overlay-gradient":""}},"ast-content-background-meta":{"desktop":{"background-color":"var(--ast-global-color-5)","background-image":"","background-repeat":"repeat","background-position":"center center","background-size":"auto","background-attachment":"scroll","background-type":"","background-media":"","overlay-type":"","overlay-color":"","overlay-opacity":"","overlay-gradient":""},"tablet":{"background-color":"var(--ast-global-color-5)","background-image":"","background-repeat":"repeat","background-position":"center center","background-size":"auto","background-attachment":"scroll","background-type":"","background-media":"","overlay-type":"","overlay-color":"","overlay-opacity":"","overlay-gradient":""},"mobile":{"background-color":"var(--ast-global-color-5)","background-image":"","background-repeat":"repeat","background-position":"center center","background-size":"auto","background-attachment":"scroll","background-type":"","background-media":"","overlay-type":"","overlay-color":"","overlay-opacity":"","overlay-gradient":""}},"footnotes":""},"class_list":["post-3646","page","type-page","status-publish","hentry"],"acf":[],"_links":{"self":[{"href":"https:\/\/andes.org.pe\/es\/wp-json\/wp\/v2\/pages\/3646","targetHints":{"allow":["GET"]}}],"collection":[{"href":"https:\/\/andes.org.pe\/es\/wp-json\/wp\/v2\/pages"}],"about":[{"href":"https:\/\/andes.org.pe\/es\/wp-json\/wp\/v2\/types\/page"}],"author":[{"embeddable":true,"href":"https:\/\/andes.org.pe\/es\/wp-json\/wp\/v2\/users\/1"}],"replies":[{"embeddable":true,"href":"https:\/\/andes.org.pe\/es\/wp-json\/wp\/v2\/comments?post=3646"}],"version-history":[{"count":75,"href":"https:\/\/andes.org.pe\/es\/wp-json\/wp\/v2\/pages\/3646\/revisions"}],"predecessor-version":[{"id":5358,"href":"https:\/\/andes.org.pe\/es\/wp-json\/wp\/v2\/pages\/3646\/revisions\/5358"}],"wp:attachment":[{"href":"https:\/\/andes.org.pe\/es\/wp-json\/wp\/v2\/media?parent=3646"}],"curies":[{"name":"wp","href":"https:\/\/api.w.org\/{rel}","templated":true}]}}